{"id":207,"date":"2023-07-15T12:19:43","date_gmt":"2023-07-15T12:19:43","guid":{"rendered":"http:\/\/www.alhosvedros.net\/criav\/?page_id=207"},"modified":"2026-07-23T06:50:30","modified_gmt":"2026-07-23T06:50:30","slug":"escaloes","status":"publish","type":"page","link":"https:\/\/www.cri.pt\/?page_id=207","title":{"rendered":"ESCAL\u00d5ES OFICIAIS 2026\/27"},"content":{"rendered":"<h2 align=\"center\">FUTEBOL FORMA\u00c7\u00c3O<\/h2>\n<table width=\"433\">\n<tbody>\n<tr>\n<td width=\"64\"><strong>Ano Nasc<\/strong><\/td>\n<td width=\"68\"><strong>Categoria<\/strong><\/td>\n<td width=\"114\"><strong>ESCAL\u00c3O<\/strong><\/td>\n<td width=\"187\"><strong>Equipas CRI<\/strong><\/td>\n<\/tr>\n<tr>\n<td width=\"64\">2022<\/td>\n<td width=\"68\">Sub-5<\/td>\n<td width=\"114\">Pr\u00e9-Petizes<\/td>\n<td width=\"187\">Recrea\u00e7\u00e3o (EF J.Gaspar)<\/td>\n<\/tr>\n<tr>\n<td width=\"64\">2021<\/td>\n<td width=\"68\">Sub-6<\/td>\n<td width=\"114\">Petizes 1\u00baano<\/td>\n<td width=\"187\">Recrea\u00e7\u00e3o (EF J.Gaspar)<\/td>\n<\/tr>\n<tr>\n<td width=\"64\">2020<\/td>\n<td width=\"68\">Sub-7<\/td>\n<td width=\"114\">Petizes 2\u00baano<\/td>\n<td width=\"187\">Recrea\u00e7\u00e3o (EF J.Gaspar)<\/td>\n<\/tr>\n<tr>\n<td width=\"64\">2019<\/td>\n<td width=\"68\">Sub-8<\/td>\n<td width=\"114\">Traquinas 1\u00baano<\/td>\n<td width=\"187\">Recrea\u00e7\u00e3o (EF J.Gaspar)<\/td>\n<\/tr>\n<tr>\n<td width=\"64\">2018<\/td>\n<td width=\"68\">Sub-9<\/td>\n<td width=\"114\">Traquinas 2\u00baano<\/td>\n<td width=\"187\">Recrea\u00e7\u00e3o (EF J.Gaspar) \/ Pr\u00e9-Competi\u00e7\u00e3o<\/td>\n<\/tr>\n<tr>\n<td width=\"64\">2017<\/td>\n<td width=\"68\">Sub-10<\/td>\n<td width=\"114\">Benjamins 1\u00baano<\/td>\n<td width=\"187\">Benjamins B<\/td>\n<\/tr>\n<tr>\n<td width=\"64\">2016<\/td>\n<td width=\"68\">Sub-11<\/td>\n<td width=\"114\">Benjamins 2\u00baano<\/td>\n<td width=\"187\">Benjamins A<\/td>\n<\/tr>\n<tr>\n<td width=\"64\">2015<\/td>\n<td width=\"68\">Sub-12<\/td>\n<td width=\"114\">Infantis 1\u00baano<\/td>\n<td width=\"187\">Infantis B<\/td>\n<\/tr>\n<tr>\n<td width=\"64\">2014<\/td>\n<td width=\"68\">Sub-13<\/td>\n<td width=\"114\">Infantis 2\u00baano<\/td>\n<td width=\"187\">Infantis A (Futebol 9)<\/td>\n<\/tr>\n<tr>\n<td width=\"64\">2013<\/td>\n<td width=\"68\">Sub-14<\/td>\n<td width=\"114\">Iniciados 1\u00baano<\/td>\n<td width=\"187\">Iniciados B (2013 e 2012)<\/td>\n<\/tr>\n<tr>\n<td width=\"64\">2012<\/td>\n<td width=\"68\">Sub-15<\/td>\n<td width=\"114\">Iniciados 2\u00baano<\/td>\n<td width=\"187\">Iniciados A (2012 e 2013)<\/td>\n<\/tr>\n<tr>\n<td width=\"64\">2011<\/td>\n<td width=\"68\">Sub-16<\/td>\n<td width=\"114\">Juvenis 1\u00baano<\/td>\n<td width=\"187\">Juvenis B (2011 e 2010)<\/td>\n<\/tr>\n<tr>\n<td width=\"64\">2010<\/td>\n<td width=\"68\">Sub-17<\/td>\n<td width=\"114\">Juvenis 2\u00baano<\/td>\n<td width=\"187\">Juvenis A (2010 e 2011)<\/td>\n<\/tr>\n<tr>\n<td width=\"64\">2009<\/td>\n<td width=\"68\">Sub-18<\/td>\n<td width=\"114\">Juniores 1\u00baano<\/td>\n<td rowspan=\"2\" width=\"187\">Juniores<\/td>\n<\/tr>\n<tr>\n<td width=\"64\">2008<\/td>\n<td width=\"68\">Sub-19<\/td>\n<td width=\"114\">Juniores 2\u00baano<\/td>\n<\/tr>\n<\/tbody>\n<\/table>\n<p>a) As equipas de Petizes e Traquinas n\u00e3o s\u00e3o de competi\u00e7\u00e3o, participam em eventos recreativos, torneios oficiais da A. F. Set\u00fabal ou encontros particulares destinados \u00e0 sua idade.<\/p>\n<p>Mais informa\u00e7\u00e3o atrav\u00e9s do e-mail geral@cri.pt<\/p>\n<p>&nbsp;<\/p>\n","protected":false},"excerpt":{"rendered":"<p>FUTEBOL FORMA\u00c7\u00c3O Ano Nasc Categoria ESCAL\u00c3O Equipas CRI 2022 Sub-5 Pr\u00e9-Petizes Recrea\u00e7\u00e3o (EF J.Gaspar) 2021 Sub-6 Petizes 1\u00baano Recrea\u00e7\u00e3o (EF J.Gaspar) 2020 Sub-7 Petizes 2\u00baano Recrea\u00e7\u00e3o (EF J.Gaspar) 2019 Sub-8 Traquinas 1\u00baano Recrea\u00e7\u00e3o (EF J.Gaspar) 2018 Sub-9 Traquinas 2\u00baano Recrea\u00e7\u00e3o (EF J.Gaspar) \/ Pr\u00e9-Competi\u00e7\u00e3o 2017 Sub-10 Benjamins 1\u00baano Benjamins B 2016 Sub-11 Benjamins 2\u00baano Benjamins [&hellip;]<\/p>\n","protected":false},"author":1,"featured_media":0,"parent":0,"menu_order":0,"comment_status":"closed","ping_status":"open","template":"","meta":{"footnotes":""},"class_list":["post-207","page","type-page","status-publish","hentry"],"_links":{"self":[{"href":"https:\/\/www.cri.pt\/index.php?rest_route=\/wp\/v2\/pages\/207","targetHints":{"allow":["GET"]}}],"collection":[{"href":"https:\/\/www.cri.pt\/index.php?rest_route=\/wp\/v2\/pages"}],"about":[{"href":"https:\/\/www.cri.pt\/index.php?rest_route=\/wp\/v2\/types\/page"}],"author":[{"embeddable":true,"href":"https:\/\/www.cri.pt\/index.php?rest_route=\/wp\/v2\/users\/1"}],"replies":[{"embeddable":true,"href":"https:\/\/www.cri.pt\/index.php?rest_route=%2Fwp%2Fv2%2Fcomments&post=207"}],"version-history":[{"count":46,"href":"https:\/\/www.cri.pt\/index.php?rest_route=\/wp\/v2\/pages\/207\/revisions"}],"predecessor-version":[{"id":29216,"href":"https:\/\/www.cri.pt\/index.php?rest_route=\/wp\/v2\/pages\/207\/revisions\/29216"}],"wp:attachment":[{"href":"https:\/\/www.cri.pt\/index.php?rest_route=%2Fwp%2Fv2%2Fmedia&parent=207"}],"curies":[{"name":"wp","href":"https:\/\/api.w.org\/{rel}","templated":true}]}}