{"id":22322,"date":"2023-07-18T15:05:43","date_gmt":"2023-07-18T15:05:43","guid":{"rendered":"https:\/\/www.cri.pt\/?page_id=22322"},"modified":"2024-05-20T10:32:43","modified_gmt":"2024-05-20T10:32:43","slug":"2023-24-iniciados","status":"publish","type":"page","link":"https:\/\/www.cri.pt\/?page_id=22322","title":{"rendered":"2023\/24 INICIADOS"},"content":{"rendered":"<div class=\"entry-content herald-entry-content\">\n<p style=\"text-align: left;\"><div class=\"mks_separator\" style=\"border-bottom: 4px solid;\"><\/div>\n<p style=\"text-align: right;\">LINK: <a href=\"https:\/\/www.cri.pt\/?page_id=6863\">ARQUIVO \u00c9POCAS ANTERIORES<\/a><\/p>\n<p style=\"text-align: left;\"><div class=\"mks_separator\" style=\"border-bottom: 2px solid;\"><\/div>\n<div class=\"entry-content herald-entry-content\">\n<ul>\n<li style=\"list-style-type: none;\">\n<ul>\n<li><img loading=\"lazy\" decoding=\"async\" class=\"aligncenter size-full wp-image-22804\" src=\"https:\/\/www.cri.pt\/wp-content\/uploads\/2023\/10\/iniciados_14_10_2023.jpg\" alt=\"\" width=\"1280\" height=\"853\" srcset=\"https:\/\/www.cri.pt\/wp-content\/uploads\/2023\/10\/iniciados_14_10_2023.jpg 1280w, https:\/\/www.cri.pt\/wp-content\/uploads\/2023\/10\/iniciados_14_10_2023-300x200.jpg 300w, https:\/\/www.cri.pt\/wp-content\/uploads\/2023\/10\/iniciados_14_10_2023-1024x682.jpg 1024w, https:\/\/www.cri.pt\/wp-content\/uploads\/2023\/10\/iniciados_14_10_2023-768x512.jpg 768w, https:\/\/www.cri.pt\/wp-content\/uploads\/2023\/10\/iniciados_14_10_2023-414x276.jpg 414w, https:\/\/www.cri.pt\/wp-content\/uploads\/2023\/10\/iniciados_14_10_2023-470x313.jpg 470w, https:\/\/www.cri.pt\/wp-content\/uploads\/2023\/10\/iniciados_14_10_2023-640x426.jpg 640w, https:\/\/www.cri.pt\/wp-content\/uploads\/2023\/10\/iniciados_14_10_2023-130x86.jpg 130w, https:\/\/www.cri.pt\/wp-content\/uploads\/2023\/10\/iniciados_14_10_2023-187x124.jpg 187w, https:\/\/www.cri.pt\/wp-content\/uploads\/2023\/10\/iniciados_14_10_2023-990x660.jpg 990w\" sizes=\"auto, (max-width: 1280px) 100vw, 1280px\" \/><\/li>\n<li><strong>JOGADORES<\/strong>\n<ul>\n<li><a href=\"https:\/\/www.fpf.pt\/pt\/Jogadores\/Ficha-de-Jogador\/playerId\/1951746\" target=\"_blank\" rel=\"noopener\">Afonso Pina<\/a> | <a href=\"https:\/\/www.fpf.pt\/pt\/Jogadores\/Ficha-de-Jogador\/playerId\/2050475\" target=\"_blank\" rel=\"noopener\">Afonso Mouro<\/a> | <a href=\"https:\/\/www.fpf.pt\/pt\/Jogadores\/Ficha-de-Jogador\/playerId\/2120401\" target=\"_blank\" rel=\"noopener\">Cristiano Piedade<\/a> | <a href=\"https:\/\/www.fpf.pt\/pt\/Jogadores\/Ficha-de-Jogador\/playerId\/1915282\" target=\"_blank\" rel=\"noopener\">Diogo Gra\u00e7a<\/a> | <a href=\"https:\/\/www.fpf.pt\/pt\/Jogadores\/Ficha-de-Jogador\/playerId\/1889038\" target=\"_blank\" rel=\"noopener\">Diogo Seixas<\/a> | <a href=\"https:\/\/www.fpf.pt\/pt\/Jogadores\/Ficha-de-Jogador\/playerId\/1844432\" target=\"_blank\" rel=\"noopener\">Eduardo Caetano<\/a> | <a href=\"https:\/\/www.fpf.pt\/pt\/Jogadores\/Ficha-de-Jogador\/playerId\/1847563\" target=\"_blank\" rel=\"noopener\">Filipe Antunes<\/a> | <a href=\"https:\/\/www.fpf.pt\/pt\/Jogadores\/Ficha-de-Jogador\/playerId\/1959553\" target=\"_blank\" rel=\"noopener\">Ian Vieira<\/a> | <a href=\"https:\/\/www.fpf.pt\/pt\/Jogadores\/Ficha-de-Jogador\/playerId\/2186790\" target=\"_blank\" rel=\"noopener\">Iuri Valente<\/a> | <a href=\"https:\/\/www.fpf.pt\/pt\/Jogadores\/Ficha-de-Jogador\/playerId\/1954652\" target=\"_blank\" rel=\"noopener\">Jo\u00e3o Alves<\/a> | <a href=\"https:\/\/www.fpf.pt\/pt\/Jogadores\/Ficha-de-Jogador\/playerId\/2073305\" target=\"_blank\" rel=\"noopener\">Jo\u00e3o Novais<\/a> | <a href=\"https:\/\/www.fpf.pt\/pt\/Jogadores\/Ficha-de-Jogador\/playerId\/1892298\" target=\"_blank\" rel=\"noopener\">Jos\u00e9 Benedito<\/a> | <a href=\"https:\/\/www.fpf.pt\/pt\/Jogadores\/Ficha-de-Jogador\/playerId\/1830499\" target=\"_blank\" rel=\"noopener\">Lucas Mestre<\/a> | <a href=\"https:\/\/www.fpf.pt\/pt\/Jogadores\/Ficha-de-Jogador\/playerId\/2049728\" target=\"_blank\" rel=\"noopener\">Martim Rebeca<\/a> | <a href=\"https:\/\/www.fpf.pt\/pt\/Jogadores\/Ficha-de-Jogador\/playerId\/2133137\" target=\"_blank\" rel=\"noopener\">Martim Pitacas<\/a> | <a href=\"https:\/\/www.fpf.pt\/pt\/Jogadores\/Ficha-de-Jogador\/playerId\/1910097\" target=\"_blank\" rel=\"noopener\">Martim Campino<\/a> | <a href=\"https:\/\/www.fpf.pt\/pt\/Jogadores\/Ficha-de-Jogador\/playerId\/1847565\" target=\"_blank\" rel=\"noopener\">Paulo Zacarias<\/a> | <a href=\"https:\/\/www.fpf.pt\/pt\/Jogadores\/Ficha-de-Jogador\/playerId\/1847574\" target=\"_blank\" rel=\"noopener\">Pedro Primo<\/a> | <a href=\"https:\/\/www.fpf.pt\/pt\/Jogadores\/Ficha-de-Jogador\/playerId\/2130482\" target=\"_blank\" rel=\"noopener\">Rodrigo Fialho<\/a> | <a href=\"https:\/\/www.fpf.pt\/pt\/Jogadores\/Ficha-de-Jogador\/playerId\/1847575\" target=\"_blank\" rel=\"noopener\">Rodrigo Leir\u00e3o<\/a> | <a href=\"https:\/\/www.fpf.pt\/pt\/Jogadores\/Ficha-de-Jogador\/playerId\/1847571\" target=\"_blank\" rel=\"noopener\">Rodrigo Brito<\/a> | <a href=\"https:\/\/www.fpf.pt\/pt\/Jogadores\/Ficha-de-Jogador\/playerId\/1954665\" target=\"_blank\" rel=\"noopener\">Rodrigo Mira<\/a> | <a href=\"https:\/\/www.fpf.pt\/pt\/Jogadores\/Ficha-de-Jogador\/playerId\/1847567\" target=\"_blank\" rel=\"noopener\">Santiago Pinto<\/a> | <a href=\"https:\/\/www.fpf.pt\/pt\/Jogadores\/Ficha-de-Jogador\/playerId\/1954163\" target=\"_blank\" rel=\"noopener\">Sim\u00e3o Fernandes<\/a> | <a href=\"https:\/\/www.fpf.pt\/pt\/Jogadores\/Ficha-de-Jogador\/playerId\/1847569\" target=\"_blank\" rel=\"noopener\">Tom\u00e1s Elias<\/a> | <a href=\"https:\/\/www.fpf.pt\/pt\/Jogadores\/Ficha-de-Jogador\/playerId\/1847570\" target=\"_blank\" rel=\"noopener\">Tom\u00e1s Dias<\/a> | <a href=\"https:\/\/www.fpf.pt\/pt\/Jogadores\/Ficha-de-Jogador\/playerId\/1893881\" target=\"_blank\" rel=\"noopener\">Tom\u00e1s Marques<\/a><\/li>\n<\/ul>\n<\/li>\n<li><strong>TREINADORES. DIRIGENTES. COLABORADORES<\/strong>\n<ul>\n<li>Treinador: <strong>N\u00e9lson Velho<\/strong><br \/>\nTreinador Adjunto: <strong>Lu\u00eds Santos<\/strong><br \/>\nTreinador de Guarda-redes: <strong>Pedro Maria \/ Angelino Matos<\/strong><br \/>\nCoordenador T\u00e9cnico: <strong>Jos\u00e9 L. Medeiros<\/strong><\/li>\n<\/ul>\n<\/li>\n<li><strong>CLICAR PAR VER: <\/strong><a href=\"https:\/\/www.cri.pt\/?tag=iniciados-2023\/24\">FOTOS. V\u00cdDEOS. NOT\u00cdCIAS<\/a><\/li>\n<\/ul>\n<\/li>\n<\/ul>\n<div class=\"mks_separator\"><div class=\"mks_separator\" style=\"border-bottom: 4px solid;\"><\/div><\/div>\n<div><strong>JOGOS OFICIAIS &#8211; CAMPEONATO DISTRITAL 2\u00aa DIVIS\u00c3O A F SET\u00daBAL\u00a0<\/strong><\/div>\n<div>CLICAR PARA VER: <a href=\"https:\/\/resultados.fpf.pt\/Competition\/Details?competitionId=23922&amp;seasonId=103\" target=\"_blank\" rel=\"noopener\"><strong>RESULTADOS E CLASSIFICA\u00c7\u00d5ES<\/strong><\/a><\/div>\n<\/div>\n<div>\n<hr \/>\n<\/div>\n<ul>\n<li>08\/10\/2023 <strong>CRI<\/strong> 1-2 Ol\u00edmpico &#8211; <a href=\"https:\/\/resultados.fpf.pt\/Match\/GetMatchInformation?matchId=1973647\" target=\"_blank\" rel=\"noopener\">FICHA DE JOGO<\/a> &#8211; <strong><a href=\"https:\/\/www.cri.pt\/?p=22760\">FOTOS<\/a><\/strong><\/li>\n<li>15\/10\/2023 Grandolense 5-2 <strong>CRI<\/strong> &#8211; <a href=\"https:\/\/resultados.fpf.pt\/Match\/GetMatchInformation?matchId=1973655\" target=\"_blank\" rel=\"noopener\">FICHA DE JOGO<\/a> &#8211; <strong><a href=\"https:\/\/www.cri.pt\/?p=22802\">FOTOS<\/a><\/strong><\/li>\n<li>22\/10\/2023 <strong>CRI<\/strong> 2-1 Seixal 1925 &#8211; <a href=\"https:\/\/resultados.fpf.pt\/Match\/GetMatchInformation?matchId=1973662\" target=\"_blank\" rel=\"noopener\">FICHA DE JOGO<\/a> &#8211; <strong><a href=\"https:\/\/www.cri.pt\/?p=22865\">FOTOS<\/a><\/strong><\/li>\n<li>29\/10\/2023 AD Almada 6-1 <strong>CRI<\/strong> &#8211; <a href=\"https:\/\/resultados.fpf.pt\/Match\/GetMatchInformation?matchId=1973670\" target=\"_blank\" rel=\"noopener\">FICHA DE JOGO<\/a> &#8211; <strong><a href=\"https:\/\/www.cri.pt\/?p=22886\">FOTOS<\/a><\/strong><\/li>\n<li>05\/11\/2023 <strong>CRI<\/strong> 1-2 Amora &#8220;B&#8221; &#8211; <a href=\"https:\/\/resultados.fpf.pt\/Match\/GetMatchInformation?matchId=1973677\" target=\"_blank\" rel=\"noopener\">FICHA DE JOGO<\/a> &#8211; <strong><a href=\"https:\/\/www.cri.pt\/?p=22919\">FOTOS<\/a><\/strong><\/li>\n<li>12\/11\/2023 Pinhalnovense &#8220;B&#8221; 0-1 <strong>CRI <\/strong>&#8211; <a href=\"https:\/\/resultados.fpf.pt\/Match\/GetMatchInformation?matchId=1973685\" target=\"_blank\" rel=\"noopener\">FICHA DE JOGO<\/a> &#8211; <strong><a href=\"https:\/\/www.cri.pt\/?p=22947\">FOTOS<\/a><\/strong><\/li>\n<li>19\/11\/2023 <strong>CRI<\/strong> 0-2 Pelezinhos &#8211; <a href=\"https:\/\/resultados.fpf.pt\/Match\/GetMatchInformation?matchId=1973692\" target=\"_blank\" rel=\"noopener\">FICHA DE JOGO<\/a><\/li>\n<li>03\/12\/2023 CCD B Azeit\u00e3o 3-0 <strong>CRI <\/strong>&#8211; <a href=\"https:\/\/resultados.fpf.pt\/Match\/GetMatchInformation?matchId=1973700\" target=\"_blank\" rel=\"noopener\">FICHA DE JOGO<\/a><\/li>\n<li>10\/12\/2023 Arrentela 1-1 <strong>CRI<\/strong> &#8211; <a href=\"https:\/\/resultados.fpf.pt\/Match\/GetMatchInformation?matchId=1973707\" target=\"_blank\" rel=\"noopener\">FICHA DE JOGO<\/a><\/li>\n<li>17\/12\/2023 <strong>CRI<\/strong> 2-3 BM Almada &#8211; <a href=\"https:\/\/resultados.fpf.pt\/Match\/GetMatchInformation?matchId=1973714\" target=\"_blank\" rel=\"noopener\">FICHA DE JOGO<\/a> &#8211; <a href=\"https:\/\/www.cri.pt\/?p=23265\"><strong>FOTOS<\/strong><\/a><\/li>\n<li>07\/01\/2024 E.S.Andr\u00e9 2-3 <strong>CRI &#8211; <\/strong><a href=\"https:\/\/resultados.fpf.pt\/Match\/GetMatchInformation?matchId=1973720\" target=\"_blank\" rel=\"noopener\">FICHA DE JOGO<\/a> &#8211; <strong><a href=\"https:\/\/www.cri.pt\/?p=23349\">FOTOS<\/a><\/strong><\/li>\n<li>14\/01\/2024 <strong>CRI<\/strong> 3-1 Fabril &#8220;B&#8221; &#8211; <a href=\"https:\/\/resultados.fpf.pt\/Match\/GetMatchInformation?matchId=1973727\" target=\"_blank\" rel=\"noopener\">FICHA DE JOGO<\/a> &#8211; <strong><a href=\"https:\/\/www.cri.pt\/?p=23389\">FOTOS<\/a><\/strong><\/li>\n<li>21\/01\/2024 GC Corroios 1-0 <strong>CRI<\/strong> &#8211; <a href=\"https:\/\/resultados.fpf.pt\/Match\/GetMatchInformation?matchId=1973733\" target=\"_blank\" rel=\"noopener\">FICHA DE JOGO<\/a> &#8211; <strong><a href=\"https:\/\/www.cri.pt\/?p=23439\">FOTOS<\/a><\/strong><\/li>\n<li>04\/02\/2024 Ol\u00edmpico 2-0 <strong>CRI <\/strong>&#8211; <a href=\"https:\/\/resultados.fpf.pt\/Match\/GetMatchInformation?matchId=1973738\" target=\"_blank\" rel=\"noopener\">FICHA DE JOGO<\/a> <strong>&#8211; <a href=\"https:\/\/www.cri.pt\/?p=23547\">FOTOS<\/a> <\/strong><\/li>\n<li>18\/02\/2024 <strong>CRI<\/strong> 1-1 Grandolense &#8211; <a href=\"https:\/\/resultados.fpf.pt\/Match\/GetMatchInformation?matchId=1973746\" target=\"_blank\" rel=\"noopener\">FICHA DE JOGO<\/a> &#8211; <strong><a href=\"https:\/\/www.cri.pt\/?p=23602\">FOTOS<\/a><\/strong><\/li>\n<li>25\/02\/2024 Seixal 1925 2-1 <strong>CRI <\/strong>&#8211; <a href=\"https:\/\/resultados.fpf.pt\/Match\/GetMatchInformation?matchId=1973753\" target=\"_blank\" rel=\"noopener\">FICHA DE JOGO<\/a> &#8211; <strong><a href=\"https:\/\/www.cri.pt\/?p=23664\">FOTOS<\/a><\/strong><\/li>\n<li>03\/03\/2024 <strong>CRI<\/strong> 0-1 AD Almada 2015 &#8211; <a href=\"https:\/\/resultados.fpf.pt\/Match\/GetMatchInformation?matchId=1973761\" target=\"_blank\" rel=\"noopener\">FICHA DE JOGO<\/a> &#8211; <strong><a href=\"https:\/\/www.cri.pt\/?p=23716\">FOTOS<\/a><\/strong><\/li>\n<li>10\/03\/2024 Amora &#8220;B&#8221; 5-1 <strong>CRI &#8211; <\/strong><a href=\"https:\/\/resultados.fpf.pt\/Match\/GetMatchInformation?matchId=1973768\" target=\"_blank\" rel=\"noopener\">FICHA DE JOGO<\/a> &#8211; <a href=\"https:\/\/www.cri.pt\/?p=23780\"><strong>FOTOS<\/strong><\/a><\/li>\n<li>17\/03\/2024 <strong>CRI<\/strong> 2-0 Pinhalnovense &#8220;B&#8221; &#8211; <a href=\"https:\/\/resultados.fpf.pt\/Match\/GetMatchInformation?matchId=1973776\" target=\"_blank\" rel=\"noopener\">FICHA DE JOGO<\/a> &#8211; <strong><a href=\"https:\/\/www.cri.pt\/?p=23808\">FOTOS<\/a><\/strong><\/li>\n<li>24\/03\/2024 Os Pelezinhos 1-0 <strong>CRI<\/strong> &#8211; <a href=\"https:\/\/resultados.fpf.pt\/Match\/GetMatchInformation?matchId=1973783\" target=\"_blank\" rel=\"noopener\">FICHA DE JOGO<\/a> &#8211; <strong><a href=\"https:\/\/www.cri.pt\/?p=23875\">FOTOS<\/a><\/strong><\/li>\n<li>07\/04\/2024 <strong>CRI<\/strong> 0-1 CCDB Azeit\u00e3o &#8211; <a href=\"https:\/\/resultados.fpf.pt\/Match\/GetMatchInformation?matchId=1973791\" target=\"_blank\" rel=\"noopener\">FICHA DE JOGO<\/a> &#8211; <strong><a href=\"https:\/\/www.cri.pt\/?p=24021\">FOTOS<\/a><\/strong><\/li>\n<li>14\/04\/2024 <strong>CRI<\/strong> 3-0 Arrentela &#8211; <a href=\"https:\/\/resultados.fpf.pt\/Match\/GetMatchInformation?matchId=1973798\" target=\"_blank\" rel=\"noopener\">FICHA DE JOGO<\/a> &#8211; <strong><a href=\"https:\/\/www.cri.pt\/?p=24051\">FOTOS<\/a><\/strong><\/li>\n<li>21\/04\/2024 BM Almada 2-2 <strong>CRI<\/strong>\u00a0&#8211; <a href=\"https:\/\/resultados.fpf.pt\/Match\/GetMatchInformation?matchId=1973805\" target=\"_blank\" rel=\"noopener\">FICHA DE JOGO<\/a> &#8211; <strong><a href=\"https:\/\/www.cri.pt\/?p=24099\">FOTOS<\/a><\/strong><\/li>\n<li>05\/05\/2024 <strong>CRI<\/strong> 0-1 Estrela .S. Andr\u00e9 &#8211; <a href=\"https:\/\/resultados.fpf.pt\/Match\/GetMatchInformation?matchId=1973811\" target=\"_blank\" rel=\"noopener\">FICHA DE JOGO<\/a> &#8211; <strong><a href=\"https:\/\/www.cri.pt\/?p=24209\">FOTOS<\/a><\/strong><\/li>\n<li>12\/05\/2024 Fabril &#8220;B&#8221; 1-3 <strong>CRI<\/strong> &#8211; <a href=\"https:\/\/resultados.fpf.pt\/Match\/GetMatchInformation?matchId=1973818\" target=\"_blank\" rel=\"noopener\">FICHA DE JOGO<\/a> &#8211; <strong><a href=\"https:\/\/www.cri.pt\/?p=24241\">FOTOS<\/a><\/strong><\/li>\n<li>19\/05\/2024 <strong>CRI<\/strong> 5-1 CG Corroios &#8211; <a href=\"https:\/\/resultados.fpf.pt\/Match\/GetMatchInformation?matchId=1973824\" target=\"_blank\" rel=\"noopener\">FICHA DE JOGO<\/a> &#8211; <strong><a href=\"https:\/\/www.cri.pt\/?p=24295\">FOTOS<\/a><\/strong><\/li>\n<\/ul>\n<\/div>\n<div><strong>CLASSIFICA\u00c7\u00c3O FINAL<\/strong><\/div>\n<div><\/div>\n<div><img loading=\"lazy\" decoding=\"async\" class=\"alignnone wp-image-24300\" src=\"https:\/\/www.cri.pt\/wp-content\/uploads\/2024\/05\/CALSSIFICACAOFINAL.jpg\" alt=\"\" width=\"360\" height=\"910\" srcset=\"https:\/\/www.cri.pt\/wp-content\/uploads\/2024\/05\/CALSSIFICACAOFINAL.jpg 480w, https:\/\/www.cri.pt\/wp-content\/uploads\/2024\/05\/CALSSIFICACAOFINAL-119x300.jpg 119w, https:\/\/www.cri.pt\/wp-content\/uploads\/2024\/05\/CALSSIFICACAOFINAL-405x1024.jpg 405w\" sizes=\"auto, (max-width: 360px) 100vw, 360px\" \/><\/div>\n<div class=\"entry-content herald-entry-content\">\n<div class=\"entry-content herald-entry-content\">\n<div><\/div>\n<\/div>\n<div class=\"entry-content herald-entry-content\">\n<div class=\"mks_separator\" style=\"border-bottom: 4px solid;\"><\/div>\n<\/div>\n<p>&nbsp;<\/p>\n<p>&nbsp;<\/p>\n<p>&nbsp;<\/p>\n<\/div>\n","protected":false},"excerpt":{"rendered":"<p>LINK: ARQUIVO \u00c9POCAS ANTERIORES JOGADORES Afonso Pina | Afonso Mouro | Cristiano Piedade | Diogo Gra\u00e7a | Diogo Seixas | Eduardo Caetano | Filipe Antunes | Ian Vieira | Iuri Valente | Jo\u00e3o Alves | Jo\u00e3o Novais | Jos\u00e9 Benedito | Lucas Mestre | Martim Rebeca | Martim Pitacas | Martim Campino | Paulo Zacarias [&hellip;]<\/p>\n","protected":false},"author":1,"featured_media":0,"parent":0,"menu_order":0,"comment_status":"closed","ping_status":"closed","template":"","meta":{"footnotes":""},"class_list":["post-22322","page","type-page","status-publish","hentry"],"_links":{"self":[{"href":"https:\/\/www.cri.pt\/index.php?rest_route=\/wp\/v2\/pages\/22322","targetHints":{"allow":["GET"]}}],"collection":[{"href":"https:\/\/www.cri.pt\/index.php?rest_route=\/wp\/v2\/pages"}],"about":[{"href":"https:\/\/www.cri.pt\/index.php?rest_route=\/wp\/v2\/types\/page"}],"author":[{"embeddable":true,"href":"https:\/\/www.cri.pt\/index.php?rest_route=\/wp\/v2\/users\/1"}],"replies":[{"embeddable":true,"href":"https:\/\/www.cri.pt\/index.php?rest_route=%2Fwp%2Fv2%2Fcomments&post=22322"}],"version-history":[{"count":45,"href":"https:\/\/www.cri.pt\/index.php?rest_route=\/wp\/v2\/pages\/22322\/revisions"}],"predecessor-version":[{"id":24305,"href":"https:\/\/www.cri.pt\/index.php?rest_route=\/wp\/v2\/pages\/22322\/revisions\/24305"}],"wp:attachment":[{"href":"https:\/\/www.cri.pt\/index.php?rest_route=%2Fwp%2Fv2%2Fmedia&parent=22322"}],"curies":[{"name":"wp","href":"https:\/\/api.w.org\/{rel}","templated":true}]}}