{"id":22324,"date":"2023-07-18T15:05:59","date_gmt":"2023-07-18T15:05:59","guid":{"rendered":"https:\/\/www.cri.pt\/?page_id=22324"},"modified":"2025-07-11T11:45:38","modified_gmt":"2025-07-11T11:45:38","slug":"2023-24-infantis","status":"publish","type":"page","link":"https:\/\/www.cri.pt\/?page_id=22324","title":{"rendered":"2023\/24 INFANTIS"},"content":{"rendered":"<p><audio class=\"audio-for-speech\"><\/audio><\/p>\n<div class=\"translate-tooltip-mtz translator-hidden\">\n<div class=\"header\">\n<div class=\"header-controls\">Translator<\/div>\n<div class=\"header-controls\"><\/div>\n<div class=\"header-controls\"><\/div>\n<\/div>\n<div class=\"translated-text\">\n<div class=\"words\"><\/div>\n<div class=\"sentences\"><\/div>\n<\/div>\n<\/div>\n<p>&nbsp;<\/p>\n<p style=\"text-align: left;\"><div class=\"mks_separator\" style=\"border-bottom: 4px solid;\"><\/div>\n<p style=\"text-align: right;\">LINK: <a href=\"https:\/\/www.cri.pt\/?page_id=6863\">ARQUIVO \u00c9POCAS ANTERIORES<\/a><\/p>\n<p style=\"text-align: left;\"><div class=\"mks_separator\" style=\"border-bottom: 2px solid;\"><\/div>\n<p><img loading=\"lazy\" decoding=\"async\" class=\"alignnone wp-image-22710 size-full\" src=\"https:\/\/www.cri.pt\/wp-content\/uploads\/2023\/09\/e.jpg\" alt=\"\" width=\"1280\" height=\"1024\" srcset=\"https:\/\/www.cri.pt\/wp-content\/uploads\/2023\/09\/e.jpg 1280w, https:\/\/www.cri.pt\/wp-content\/uploads\/2023\/09\/e-300x240.jpg 300w, https:\/\/www.cri.pt\/wp-content\/uploads\/2023\/09\/e-1024x819.jpg 1024w, https:\/\/www.cri.pt\/wp-content\/uploads\/2023\/09\/e-768x614.jpg 768w, https:\/\/www.cri.pt\/wp-content\/uploads\/2023\/09\/e-990x792.jpg 990w\" sizes=\"auto, (max-width: 1280px) 100vw, 1280px\" \/><img loading=\"lazy\" decoding=\"async\" class=\"wp-image-23374 size-full alignnone\" src=\"https:\/\/www.cri.pt\/wp-content\/uploads\/2024\/01\/2024_01_13_cri_6_1_ccdba_068.jpg\" alt=\"\" width=\"1280\" height=\"853\" srcset=\"https:\/\/www.cri.pt\/wp-content\/uploads\/2024\/01\/2024_01_13_cri_6_1_ccdba_068.jpg 1280w, https:\/\/www.cri.pt\/wp-content\/uploads\/2024\/01\/2024_01_13_cri_6_1_ccdba_068-300x200.jpg 300w, https:\/\/www.cri.pt\/wp-content\/uploads\/2024\/01\/2024_01_13_cri_6_1_ccdba_068-1024x682.jpg 1024w, https:\/\/www.cri.pt\/wp-content\/uploads\/2024\/01\/2024_01_13_cri_6_1_ccdba_068-768x512.jpg 768w, https:\/\/www.cri.pt\/wp-content\/uploads\/2024\/01\/2024_01_13_cri_6_1_ccdba_068-414x276.jpg 414w, https:\/\/www.cri.pt\/wp-content\/uploads\/2024\/01\/2024_01_13_cri_6_1_ccdba_068-470x313.jpg 470w, https:\/\/www.cri.pt\/wp-content\/uploads\/2024\/01\/2024_01_13_cri_6_1_ccdba_068-640x426.jpg 640w, https:\/\/www.cri.pt\/wp-content\/uploads\/2024\/01\/2024_01_13_cri_6_1_ccdba_068-130x86.jpg 130w, https:\/\/www.cri.pt\/wp-content\/uploads\/2024\/01\/2024_01_13_cri_6_1_ccdba_068-187x124.jpg 187w, https:\/\/www.cri.pt\/wp-content\/uploads\/2024\/01\/2024_01_13_cri_6_1_ccdba_068-990x660.jpg 990w\" sizes=\"auto, (max-width: 1280px) 100vw, 1280px\" \/><\/p>\n<div class=\"entry-content herald-entry-content\">\n<ul>\n<li><strong>JOGADORES<\/strong>\n<ul>\n<li><a href=\"https:\/\/www.fpf.pt\/pt\/Jogadores\/Ficha-de-Jogador\/playerId\/2183324\" target=\"_blank\" rel=\"noopener\">Diogo Neto<\/a> | <a href=\"https:\/\/www.fpf.pt\/pt\/Jogadores\/Ficha-de-Jogador\/playerId\/1947398\" target=\"_blank\" rel=\"noopener\">Gon\u00e7alo Teles<\/a> | <a href=\"https:\/\/www.fpf.pt\/pt\/Jogadores\/Ficha-de-Jogador\/playerId\/2060994\" target=\"_blank\" rel=\"noopener\">Gustavo Ferreira<\/a> | <a href=\"https:\/\/www.fpf.pt\/pt\/Jogadores\/Ficha-de-Jogador\/playerId\/2038510\" target=\"_blank\" rel=\"noopener\">Rita Pedro<\/a> | <a href=\"https:\/\/www.fpf.pt\/pt\/Jogadores\/Ficha-de-Jogador\/playerId\/1953720\" target=\"_blank\" rel=\"noopener\">Martim Seco<\/a> | <a href=\"https:\/\/www.fpf.pt\/pt\/Jogadores\/Ficha-de-Jogador\/playerId\/2099444\" target=\"_blank\" rel=\"noopener\">Martim Ribeiro<\/a> | <a href=\"https:\/\/www.fpf.pt\/pt\/Jogadores\/Ficha-de-Jogador\/playerId\/1973265\" target=\"_blank\" rel=\"noopener\">Martim Rebocho<\/a> | <a href=\"https:\/\/www.fpf.pt\/pt\/Jogadores\/Ficha-de-Jogador\/playerId\/2135733\" target=\"_blank\" rel=\"noopener\">Micael Afonso<\/a> | <a href=\"https:\/\/www.fpf.pt\/pt\/Jogadores\/Ficha-de-Jogador\/playerId\/1960092\" target=\"_blank\" rel=\"noopener\">Miguel Pedr\u00f3g\u00e3o<\/a> | <a href=\"https:\/\/www.fpf.pt\/pt\/Jogadores\/Ficha-de-Jogador\/playerId\/1947396\" target=\"_blank\" rel=\"noopener\">Rafael Silva<\/a> | <a href=\"https:\/\/www.fpf.pt\/pt\/Jogadores\/Ficha-de-Jogador\/playerId\/2042888\" target=\"_blank\" rel=\"noopener\">Rodrigo Domingues<\/a> | <a href=\"https:\/\/www.fpf.pt\/pt\/Jogadores\/Ficha-de-Jogador\/playerId\/1847551\" target=\"_blank\" rel=\"noopener\">Santiago Ramalho<\/a> | <a href=\"https:\/\/www.fpf.pt\/pt\/Jogadores\/Ficha-de-Jogador\/playerId\/2109089\" target=\"_blank\" rel=\"noopener\">Tiago Pimenta<\/a> | <a href=\"https:\/\/www.fpf.pt\/pt\/Jogadores\/Ficha-de-Jogador\/playerId\/2042581\" target=\"_blank\" rel=\"noopener\">Tiago Rodrigues<\/a> | <a href=\"https:\/\/www.fpf.pt\/pt\/Jogadores\/Ficha-de-Jogador\/playerId\/2105795\" target=\"_blank\" rel=\"noopener\">V\u00edtor Peres<\/a><\/li>\n<\/ul>\n<ul>\n<li><strong>TREINADORES. DIRIGENTES. COLABORADORES<\/strong>\n<ul>\n<li>Treinador: <strong>\u00c9lber Saldanha<\/strong> (Filipe Santos entre setembro e 18 de dezembro)<br \/>\nTreinador Adjunto: <strong>Catarina Nicolau <\/strong>(Filipe Saldanha entre setembro e 18 de dezembro)<br \/>\nTreinador de Guarda-redes: <strong>Pedro Maria<\/strong><br \/>\nCoordenador T\u00e9cnico: <strong>Jos\u00e9 L. Medeiros<\/strong><\/li>\n<\/ul>\n<\/li>\n<li><strong>CLICAR PAR VER: <\/strong><a href=\"https:\/\/www.cri.pt\/?tag=Infantis-2023\/24\">FOTOS. V\u00cdDEOS. NOT\u00cdCIAS<\/a><\/li>\n<\/ul>\n<\/li>\n<\/ul>\n<div>\n<div class=\"entry-content herald-entry-content\">\n<div class=\"mks_separator\"><div class=\"mks_separator\" style=\"border-bottom: 4px solid;\"><\/div><\/div>\n<\/div>\n<div>\n<div><strong>JOGOS OFICIAIS &#8211; A F SET\u00daBAL &#8211; FUTEBOL DE 7 &#8211; Ta\u00e7a OURO\u00a0<\/strong><\/div>\n<div>CLICAR PARA VER: <a href=\"https:\/\/resultados.fpf.pt\/Competition\/Details?competitionId=24747&amp;seasonId=103\" target=\"_blank\" rel=\"noopener\"><strong>RESULTADOS E CLASSIFICA\u00c7\u00d5ES<\/strong><\/a><\/div>\n<div>\n<hr \/>\n<\/div>\n<\/div>\n<div><\/div>\n<ul>\n<li>03.02.2024 C. Ind\u00fastria 1-0 <strong>CRI <\/strong>&#8211; <a href=\"https:\/\/resultados.fpf.pt\/Match\/GetMatchInformation?matchId=2093802\" target=\"_blank\" rel=\"noopener\">FICHA DE JOGO<\/a><\/li>\n<li>10.02.2024 <strong>CRI<\/strong> 1-2 Silveirense &#8211; <a href=\"https:\/\/resultados.fpf.pt\/Match\/GetMatchInformation?matchId=2093805\" target=\"_blank\" rel=\"noopener\">FICHA DE JOGO<\/a><\/li>\n<li>17.02.2024 Le\u00e3o Altivo 4-0 <strong>CRI<\/strong> &#8211; <a href=\"https:\/\/resultados.fpf.pt\/Match\/GetMatchInformation?matchId=2093808\" target=\"_blank\" rel=\"noopener\">FICHA DE JOGO<\/a> &#8211; <strong><a href=\"https:\/\/www.cri.pt\/?p=23638\">FOTOS<\/a><\/strong><\/li>\n<li>24.02.2024 <strong>CRI<\/strong> 3-0 Alvaladense &#8211; <a href=\"https:\/\/resultados.fpf.pt\/Match\/GetMatchInformation?matchId=2093811\" target=\"_blank\" rel=\"noopener\">FICHA DE JOGO<\/a> &#8211; <strong><a href=\"https:\/\/www.cri.pt\/?p=23648\">FOTOS<\/a><\/strong><\/li>\n<li>02.03.2024 Sesimbra 4-2 <strong>CRI &#8211; <\/strong><a href=\"https:\/\/resultados.fpf.pt\/Match\/GetMatchInformation?matchId=2093814\" target=\"_blank\" rel=\"noopener\">FICHA DE JOGO<\/a> &#8211; <strong><a href=\"https:\/\/www.cri.pt\/?p=23759\">FOTOS<\/a><\/strong><\/li>\n<li>09.03.2024 <strong>CRI<\/strong> 1-1 Arrentela &#8211; <a href=\"https:\/\/resultados.fpf.pt\/Match\/GetMatchInformation?matchId=2093817\" target=\"_blank\" rel=\"noopener\">FICHA DE JOGO<\/a> &#8211; <strong><a href=\"https:\/\/www.cri.pt\/?p=23768\">FOTOS<\/a><\/strong><\/li>\n<li>06.04.2024 <strong>CRI<\/strong> 4-2 C. Ind\u00fastria &#8211; <a href=\"https:\/\/resultados.fpf.pt\/Match\/GetMatchInformation?matchId=2093823\" target=\"_blank\" rel=\"noopener\">FICHA DE JOGO<\/a> &#8211; <a href=\"https:\/\/www.cri.pt\/?p=24011\"><strong>FOTOS<\/strong><\/a><\/li>\n<li>13.04.2024 Silveirense 1-8 <strong>CRI<\/strong> &#8211; <a href=\"https:\/\/resultados.fpf.pt\/Match\/GetMatchInformation?matchId=2093826\" target=\"_blank\" rel=\"noopener\">FICHA DE JOGO<\/a> &#8211; <strong><a href=\"https:\/\/www.cri.pt\/?p=24056\">FOTOS<\/a><\/strong><\/li>\n<li>20.04.2024 <strong>CRI<\/strong> 1-3 L. Altivo &#8211; <a href=\"https:\/\/resultados.fpf.pt\/Match\/GetMatchInformation?matchId=2093829\" target=\"_blank\" rel=\"noopener\">FICHA DE JOGO<\/a> &#8211; <strong><a href=\"https:\/\/www.cri.pt\/?p=24090\">FOTOS<\/a><\/strong><\/li>\n<li>27.04.2024 Alvaladense 1-2 <strong>CRI &#8211; <\/strong><a href=\"https:\/\/resultados.fpf.pt\/Match\/GetMatchInformation?matchId=2093832\" target=\"_blank\" rel=\"noopener\">FICHA DE JOGO<\/a><\/li>\n<li>04.05.2024 <strong>CRI<\/strong> 0-3 Sesimbra &#8211; <a href=\"https:\/\/resultados.fpf.pt\/Match\/GetMatchInformation?matchId=2093835\" target=\"_blank\" rel=\"noopener\">FICHA DE JOGO<\/a> &#8211; <strong><a href=\"https:\/\/www.cri.pt\/?p=24193\">FOTOS<\/a><\/strong><\/li>\n<li>11.05.2024 Arrentela 3-2 <strong>CRI<\/strong> &#8211; <a href=\"https:\/\/resultados.fpf.pt\/Match\/GetMatchInformation?matchId=2093838\" target=\"_blank\" rel=\"noopener\">FICHA DE JOGO<\/a><\/li>\n<\/ul>\n<p>CLASSIFICA\u00c7\u00c3O FINAL<\/p>\n<p><img loading=\"lazy\" decoding=\"async\" class=\"alignnone wp-image-26804\" src=\"https:\/\/www.cri.pt\/wp-content\/uploads\/2025\/07\/SUB13.jpg\" alt=\"\" width=\"360\" height=\"450\" srcset=\"https:\/\/www.cri.pt\/wp-content\/uploads\/2025\/07\/SUB13.jpg 425w, https:\/\/www.cri.pt\/wp-content\/uploads\/2025\/07\/SUB13-240x300.jpg 240w\" sizes=\"auto, (max-width: 360px) 100vw, 360px\" \/><\/p>\n<\/div>\n<div><\/div>\n<div class=\"mks_separator\"><div class=\"mks_separator\" style=\"border-bottom: 4px solid;\"><\/div><\/div>\n<\/div>\n<div>\n<div><strong>JOGOS OFICIAIS &#8211; A F SET\u00daBAL &#8211; FUTEBOL DE 7 &#8211; Ta\u00e7a de Infantis Sub-13 &#8211; S\u00c9RIE &#8220;B&#8221;<\/strong><\/div>\n<div>CLICAR PARA VER: <a href=\"https:\/\/resultados.fpf.pt\/Competition\/Details?competitionId=24747&amp;seasonId=103\" target=\"_blank\" rel=\"noopener\"><strong>RESULTADOS E CLASSIFICA\u00c7\u00d5ES<\/strong><\/a> (pesquisar s\u00e9rie B)<\/div>\n<div>\n<hr \/>\n<\/div>\n<\/div>\n<div><\/div>\n<ul>\n<li>09.12.2023 B. Azeit\u00e3o 2-5 <strong>CRI <\/strong>&#8211; <a href=\"https:\/\/resultados.fpf.pt\/Match\/GetMatchInformation?matchId=2055545\" target=\"_blank\" rel=\"noopener\">FICHA DE JOGO<\/a> &#8211; <strong><a href=\"https:\/\/www.cri.pt\/?p=23230\">FOTOS<\/a><\/strong><\/li>\n<li>16.12.2023 <strong>CRI<\/strong> 5-1 Afonsoeirense &#8211; <a href=\"https:\/\/resultados.fpf.pt\/Match\/GetMatchInformation?matchId=2055546\" target=\"_blank\" rel=\"noopener\">FICHA DE JOGO<\/a> &#8211; <strong><a href=\"https:\/\/www.cri.pt\/?p=23236\">FOTOS<\/a><\/strong><\/li>\n<li>13.01.2023 <strong>CRI<\/strong> 6-1 B. Azeit\u00e3o &#8211; <a href=\"https:\/\/resultados.fpf.pt\/Match\/GetMatchInformation?matchId=2055548\" target=\"_blank\" rel=\"noopener\">FICHA DE JOGO<\/a> &#8211; <a href=\"https:\/\/www.cri.pt\/?p=23372\"><strong>FOTOS<\/strong><\/a><\/li>\n<li>20.01.2023 Afonsoeirense 2-4 <strong>CRI <\/strong>&#8211; <a href=\"https:\/\/resultados.fpf.pt\/Match\/GetMatchInformation?matchId=2055549\" target=\"_blank\" rel=\"noopener\">FICHA DE JOGO<\/a> &#8211; <strong><a href=\"https:\/\/www.cri.pt\/?p=23425\">FOTOS<\/a><\/strong><\/li>\n<\/ul>\n<p><strong>CLASSIFICA\u00c7\u00c3O FINAL &#8211; TA\u00c7A DE INFANTIS SUB-13 &#8211; S\u00c9RIE &#8220;B&#8221;<\/strong><\/p>\n<p><img loading=\"lazy\" decoding=\"async\" class=\"alignnone wp-image-23429\" src=\"https:\/\/www.cri.pt\/wp-content\/uploads\/2024\/01\/CLASSIFICACAO.jpg\" alt=\"\" width=\"360\" height=\"405\" srcset=\"https:\/\/www.cri.pt\/wp-content\/uploads\/2024\/01\/CLASSIFICACAO.jpg 720w, https:\/\/www.cri.pt\/wp-content\/uploads\/2024\/01\/CLASSIFICACAO-267x300.jpg 267w\" sizes=\"auto, (max-width: 360px) 100vw, 360px\" \/><\/p>\n<div><\/div>\n<div><div class=\"mks_separator\" style=\"border-bottom: 4px solid;\"><\/div><\/div>\n<div class=\"entry-content herald-entry-content\">\n<div><strong>JOGOS OFICIAIS &#8211; A F SET\u00daBAL &#8211; FUTEBOL DE 9 &#8211; 1\u00aa FASE &#8211; S\u00c9RIE &#8220;C&#8221;<\/strong><\/div>\n<div>CLICAR PARA VER: <a href=\"https:\/\/resultados.fpf.pt\/Competition\/Details?competitionId=24004&amp;seasonId=103\" target=\"_blank\" rel=\"noopener\"><strong>RESULTADOS E CLASSIFICA\u00c7\u00d5ES<\/strong><\/a> (pesquisar s\u00e9rie C)<\/div>\n<div>\n<hr \/>\n<\/div>\n<div><\/div>\n<ul>\n<li>30.09.2023 <strong>CRI<\/strong> 1-8 Amora &#8211; <a href=\"https:\/\/resultados.fpf.pt\/Match\/GetMatchInformation?matchId=1962064\" target=\"_blank\" rel=\"noopener\">FICHA DE JOGO<\/a> &#8211; <strong><a href=\"https:\/\/www.cri.pt\/?p=22704\">FOTOS<\/a><\/strong><\/li>\n<li>07.10.2023 Fabril 9-0 <strong>CRI<\/strong> &#8211; <a href=\"https:\/\/resultados.fpf.pt\/Match\/GetMatchInformation?matchId=1962069\" target=\"_blank\" rel=\"noopener\">FICHA DE JOGO<\/a><\/li>\n<li>14.10.2023 D. Jo\u00e3o I 12-0 <strong>CRI<\/strong> &#8211; <a href=\"https:\/\/resultados.fpf.pt\/Match\/GetMatchInformation?matchId=1962073\" target=\"_blank\" rel=\"noopener\">FICHA DE JOGO<\/a><\/li>\n<li>21.10.2023 <strong>CRI<\/strong> 0-2 Seixal 1925 &#8211; <a href=\"https:\/\/resultados.fpf.pt\/Match\/GetMatchInformation?matchId=1962077\" target=\"_blank\" rel=\"noopener\">FICHA DE JOGO<\/a> &#8211; <strong><a href=\"https:\/\/www.cri.pt\/?p=22843\">FOTOS<\/a><\/strong><\/li>\n<li>28.10.2023 Barreirense 11-0 <strong>CRI &#8211; <\/strong><a href=\"https:\/\/resultados.fpf.pt\/Match\/GetMatchInformation?matchId=1962081\" target=\"_blank\" rel=\"noopener\">FICHA DE JOGO<\/a><strong><br \/>\n<\/strong><\/li>\n<li>01.11.2023 <strong>CRI<\/strong> 2-4 Sesimbra &#8211; <a href=\"https:\/\/resultados.fpf.pt\/Match\/GetMatchInformation?matchId=1962085\" target=\"_blank\" rel=\"noopener\">FICHA DE JOGO<\/a><\/li>\n<li>04.11.2023 Col. Atl\u00e2ntico 7-0 <strong>CRI<\/strong> &#8211; <a href=\"https:\/\/resultados.fpf.pt\/Match\/GetMatchInformation?matchId=1962089\" target=\"_blank\" rel=\"noopener\">FICHA DE JOGO<\/a><\/li>\n<\/ul>\n<div><strong>CLASSIFICA\u00c7\u00c3O DA 1\u00aa FASE &#8211; S\u00c9RIE &#8220;C&#8221;<\/strong><\/div>\n<div><\/div>\n<\/div>\n<div><img loading=\"lazy\" decoding=\"async\" class=\"size-full wp-image-23430 alignnone\" src=\"https:\/\/www.cri.pt\/wp-content\/uploads\/2024\/01\/FUT9.jpg\" alt=\"\" width=\"360\" height=\"677\" srcset=\"https:\/\/www.cri.pt\/wp-content\/uploads\/2024\/01\/FUT9.jpg 360w, https:\/\/www.cri.pt\/wp-content\/uploads\/2024\/01\/FUT9-160x300.jpg 160w\" sizes=\"auto, (max-width: 360px) 100vw, 360px\" \/><\/div>\n<div class=\"entry-content herald-entry-content\">\n<p>&nbsp;<\/p>\n<p>&nbsp;<\/p>\n<\/div>\n","protected":false},"excerpt":{"rendered":"<p>Translator &nbsp; LINK: ARQUIVO \u00c9POCAS ANTERIORES JOGADORES Diogo Neto | Gon\u00e7alo Teles | Gustavo Ferreira | Rita Pedro | Martim Seco | Martim Ribeiro | Martim Rebocho | Micael Afonso | Miguel Pedr\u00f3g\u00e3o | Rafael Silva | Rodrigo Domingues | Santiago Ramalho | Tiago Pimenta | Tiago Rodrigues | V\u00edtor Peres TREINADORES. DIRIGENTES. COLABORADORES Treinador: [&hellip;]<\/p>\n","protected":false},"author":1,"featured_media":0,"parent":0,"menu_order":0,"comment_status":"closed","ping_status":"closed","template":"","meta":{"footnotes":""},"class_list":["post-22324","page","type-page","status-publish","hentry"],"_links":{"self":[{"href":"https:\/\/www.cri.pt\/index.php?rest_route=\/wp\/v2\/pages\/22324","targetHints":{"allow":["GET"]}}],"collection":[{"href":"https:\/\/www.cri.pt\/index.php?rest_route=\/wp\/v2\/pages"}],"about":[{"href":"https:\/\/www.cri.pt\/index.php?rest_route=\/wp\/v2\/types\/page"}],"author":[{"embeddable":true,"href":"https:\/\/www.cri.pt\/index.php?rest_route=\/wp\/v2\/users\/1"}],"replies":[{"embeddable":true,"href":"https:\/\/www.cri.pt\/index.php?rest_route=%2Fwp%2Fv2%2Fcomments&post=22324"}],"version-history":[{"count":44,"href":"https:\/\/www.cri.pt\/index.php?rest_route=\/wp\/v2\/pages\/22324\/revisions"}],"predecessor-version":[{"id":26805,"href":"https:\/\/www.cri.pt\/index.php?rest_route=\/wp\/v2\/pages\/22324\/revisions\/26805"}],"wp:attachment":[{"href":"https:\/\/www.cri.pt\/index.php?rest_route=%2Fwp%2Fv2%2Fmedia&parent=22324"}],"curies":[{"name":"wp","href":"https:\/\/api.w.org\/{rel}","templated":true}]}}