{"id":24430,"date":"2024-07-16T08:03:00","date_gmt":"2024-07-16T08:03:00","guid":{"rendered":"https:\/\/www.cri.pt\/?page_id=24430"},"modified":"2025-06-28T15:45:20","modified_gmt":"2025-06-28T15:45:20","slug":"2024-25-juniores-sub-19","status":"publish","type":"page","link":"https:\/\/www.cri.pt\/?page_id=24430","title":{"rendered":"2024\/25 JUNIORES (SUB-19)"},"content":{"rendered":"<header class=\"entry-header\">\n<h1 class=\"entry-title h1\"><span style=\"font-size: 16px;\"><div class=\"mks_separator\" style=\"border-bottom: 4px solid;\"><\/div><\/span><\/h1>\n<\/header>\n<div class=\"entry-content herald-entry-content\">\n<div class=\"mks_separator\"><\/div>\n<p style=\"text-align: right;\">LINK:\u00a0<a href=\"https:\/\/www.cri.pt\/?page_id=6863\">ARQUIVO \u00c9POCAS ANTERIORES<\/a><\/p>\n<div class=\"mks_separator\" style=\"border-bottom: 4px solid;\"><\/div>\n<p><img loading=\"lazy\" decoding=\"async\" class=\"aligncenter size-full wp-image-24893\" src=\"https:\/\/www.cri.pt\/wp-content\/uploads\/2024\/10\/2024_10_19_cri_1_0_galitos_012.jpg\" alt=\"\" width=\"1280\" height=\"853\" srcset=\"https:\/\/www.cri.pt\/wp-content\/uploads\/2024\/10\/2024_10_19_cri_1_0_galitos_012.jpg 1280w, https:\/\/www.cri.pt\/wp-content\/uploads\/2024\/10\/2024_10_19_cri_1_0_galitos_012-300x200.jpg 300w, https:\/\/www.cri.pt\/wp-content\/uploads\/2024\/10\/2024_10_19_cri_1_0_galitos_012-1024x682.jpg 1024w, https:\/\/www.cri.pt\/wp-content\/uploads\/2024\/10\/2024_10_19_cri_1_0_galitos_012-768x512.jpg 768w, https:\/\/www.cri.pt\/wp-content\/uploads\/2024\/10\/2024_10_19_cri_1_0_galitos_012-414x276.jpg 414w, https:\/\/www.cri.pt\/wp-content\/uploads\/2024\/10\/2024_10_19_cri_1_0_galitos_012-470x313.jpg 470w, https:\/\/www.cri.pt\/wp-content\/uploads\/2024\/10\/2024_10_19_cri_1_0_galitos_012-640x426.jpg 640w, https:\/\/www.cri.pt\/wp-content\/uploads\/2024\/10\/2024_10_19_cri_1_0_galitos_012-130x86.jpg 130w, https:\/\/www.cri.pt\/wp-content\/uploads\/2024\/10\/2024_10_19_cri_1_0_galitos_012-187x124.jpg 187w, https:\/\/www.cri.pt\/wp-content\/uploads\/2024\/10\/2024_10_19_cri_1_0_galitos_012-990x660.jpg 990w\" sizes=\"auto, (max-width: 1280px) 100vw, 1280px\" \/><\/p>\n<div class=\"entry-content herald-entry-content\">\n<ul>\n<li style=\"list-style-type: none;\">\n<ul>\n<li><strong>JOGADORES<\/strong>\n<ul>\n<li><a href=\"https:\/\/www.fpf.pt\/pt\/Jogadores\/Ficha-de-Jogador\/playerId\/854741\" target=\"_blank\" rel=\"noopener\">Alexandre Moreira<\/a>\u00a0 \u00a0| <a href=\"https:\/\/www.fpf.pt\/pt\/Jogadores\/Ficha-de-Jogador\/playerId\/1925198\" target=\"_blank\" rel=\"noopener\">\u00c1lvaro Francisco<\/a>\u00a0 \u00a0| <a href=\"https:\/\/www.fpf.pt\/pt\/Jogadores\/Ficha-de-Jogador\/playerId\/2133222\" target=\"_blank\" rel=\"noopener\">B\u00e9ferson Leit\u00e3o<\/a>\u00a0 \u00a0| <a href=\"https:\/\/www.fpf.pt\/pt\/Jogadores\/Ficha-de-Jogador\/playerId\/1961574\" target=\"_blank\" rel=\"noopener\">Bruno Barros<\/a>\u00a0 \u00a0| <a href=\"https:\/\/www.fpf.pt\/pt\/Jogadores\/Ficha-de-Jogador\/playerId\/1830944\" target=\"_blank\" rel=\"noopener\">Carlos Pontes\u00a0<\/a> \u00a0|\u00a0 \u00a0<a href=\"https:\/\/www.fpf.pt\/pt\/Jogadores\/Ficha-de-Jogador\/playerId\/1743671\" target=\"_blank\" rel=\"noopener\">Daniel Rosado<\/a>\u00a0 \u00a0|\u00a0 \u00a0<a href=\"https:\/\/www.fpf.pt\/pt\/Jogadores\/Ficha-de-Jogador\/playerId\/1600025\" target=\"_blank\" rel=\"noopener\">David Tavares<\/a>\u00a0 \u00a0|\u00a0 \u00a0<a href=\"https:\/\/www.fpf.pt\/pt\/Jogadores\/Ficha-de-Jogador\/playerId\/2108775\" target=\"_blank\" rel=\"noopener\">Diogo Alves<\/a>\u00a0 \u00a0|\u00a0 \u00a0<a href=\"https:\/\/www.fpf.pt\/pt\/Jogadores\/Ficha-de-Jogador\/playerId\/1897488\" target=\"_blank\" rel=\"noopener\">Francisco Fragoso<\/a>\u00a0 \u00a0|\u00a0 \u00a0<a href=\"https:\/\/www.fpf.pt\/pt\/Jogadores\/Ficha-de-Jogador\/playerId\/971149\" target=\"_blank\" rel=\"noopener\">Gabriel Fernandes<\/a>\u00a0 \u00a0| <a href=\"https:\/\/www.fpf.pt\/pt\/Jogadores\/Ficha-de-Jogador\/playerId\/1595890\" target=\"_blank\" rel=\"noopener\">Guilherme Silva<\/a>\u00a0 \u00a0|\u00a0 \u00a0<a href=\"https:\/\/www.fpf.pt\/pt\/Jogadores\/Ficha-de-Jogador\/playerId\/1847842\" target=\"_blank\" rel=\"noopener\">Guilherme Tinoco<\/a>\u00a0 \u00a0| <a href=\"https:\/\/www.fpf.pt\/pt\/Jogadores\/Ficha-de-Jogador\/playerId\/977370\" target=\"_blank\" rel=\"noopener\">Jo\u00e3o Costa<\/a>\u00a0 \u00a0| <a href=\"https:\/\/www.fpf.pt\/pt\/Jogadores\/Ficha-de-Jogador\/playerId\/1749324\" target=\"_blank\" rel=\"noopener\">Martim Branco<\/a>\u00a0 \u00a0|\u00a0 \u00a0<a href=\"https:\/\/www.fpf.pt\/pt\/Jogadores\/Ficha-de-Jogador\/playerId\/1904430\" target=\"_blank\" rel=\"noopener\">Miguel Salvador<\/a>\u00a0 \u00a0|\u00a0 \u00a0<a href=\"https:\/\/www.fpf.pt\/pt\/Jogadores\/Ficha-de-Jogador\/playerId\/1595810\" target=\"_blank\" rel=\"noopener\">Rafael Diniz<\/a>\u00a0 \u00a0|\u00a0 \u00a0<a href=\"https:\/\/www.fpf.pt\/pt\/Jogadores\/Ficha-de-Jogador\/playerId\/1821061\" target=\"_blank\" rel=\"noopener\">Rafael Sena<\/a>\u00a0 \u00a0|\u00a0 \u00a0<a href=\"https:\/\/www.fpf.pt\/pt\/Jogadores\/Ficha-de-Jogador\/playerId\/2031881\" target=\"_blank\" rel=\"noopener\">Sidney Coronel<\/a>\u00a0 \u00a0|\u00a0 \u00a0<a href=\"https:\/\/www.fpf.pt\/pt\/Jogadores\/Ficha-de-Jogador\/playerId\/878594\" target=\"_blank\" rel=\"noopener\">Tiago Horta<\/a>\u00a0 \u00a0|\u00a0 \u00a0<a href=\"https:\/\/www.fpf.pt\/pt\/Jogadores\/Ficha-de-Jogador\/playerId\/1601322\" target=\"_blank\" rel=\"noopener\">Vasco Realista<\/a><\/li>\n<\/ul>\n<\/li>\n<li><strong>TREINADORES. DIRIGENTES. COLABORADORES<\/strong>\n<ul>\n<li>Treinador: <strong>Jos\u00e9 C. Oliveira<\/strong><br \/>\nTreinadores Adjuntos: <strong>Jos\u00e9 Silva e Renato Alves<\/strong><br \/>\nTreinadores de Guarda-redes: <strong>Pedro Maria e Tiago Correia<\/strong><br \/>\nCoordenador T\u00e9cnico: <strong>Jos\u00e9 L. Medeiros<\/strong><\/li>\n<\/ul>\n<\/li>\n<li><strong><a href=\"https:\/\/www.cri.pt\/?tag=juniores-2024\/25\">CLICAR PAR VER<\/a>:\u00a0<\/strong>FOTOS. V\u00cdDEOS. NOT\u00cdCIAS<\/li>\n<li><strong><a href=\"https:\/\/resultados.fpf.pt\/Competition\/Details?competitionId=26441&amp;seasonId=104\" target=\"_blank\" rel=\"noopener\">CLICAR PAR VER<\/a>:<\/strong> RESULTADOS E CLASSIFICA\u00c7\u00d5ES <strong>TA\u00c7A AF SET\u00daBAL\u00a0 &#8211; 2\u00aa FASE &#8211; TA\u00c7A PRATA<\/strong><\/li>\n<\/ul>\n<\/li>\n<\/ul>\n<div class=\"mks_separator\" style=\"border-bottom: 4px solid;\"><\/div>\n<\/div>\n<\/div>\n<p><a href=\"https:\/\/resultados.fpf.pt\/Competition\/Details?competitionId=26441&amp;seasonId=104\" target=\"_blank\" rel=\"noopener\"><strong>TA\u00c7A AF SET\u00daBAL\u00a0 &#8211; 2\u00aa FASE &#8211; TA\u00c7A PRATA<\/strong><\/a><\/p>\n<p>Os nossos jogos:<\/p>\n<p>26.04.2025 &#8211; Uni\u00e3o SC 3-1 <strong>CRI<\/strong> &#8211; <a href=\"https:\/\/resultados.fpf.pt\/Match\/GetMatchInformation?matchId=2335394\" target=\"_blank\" rel=\"noopener\">FICHA DE JOGO<\/a><br \/>\n01.05.2025 &#8211; <strong>CRI<\/strong> 5-6 Alfarim &#8211; <a href=\"https:\/\/resultados.fpf.pt\/Match\/GetMatchInformation?matchId=2335400\" target=\"_blank\" rel=\"noopener\">FICHA DE JOGO<\/a> &#8211; <strong><a href=\"https:\/\/www.cri.pt\/?p=26329\">FOTOS<\/a><\/strong><br \/>\n03.05.2025 &#8211; Samouquense 1-0 <strong>CRI<\/strong> &#8211; <a href=\"https:\/\/resultados.fpf.pt\/Match\/GetMatchInformation?matchId=2335405\" target=\"_blank\" rel=\"noopener\">FICHA DE JOGO<\/a><br \/>\n10.05.2025 &#8211; <strong>CRI<\/strong> 5-1 Juv. Sarilhense &#8211; <a href=\"https:\/\/resultados.fpf.pt\/Match\/GetMatchInformation?matchId=2335411\" target=\"_blank\" rel=\"noopener\">FICHA DE JOGO<\/a> &#8211; <strong><a href=\"https:\/\/www.cri.pt\/?p=26370\">FOTOS<\/a><br \/>\n<\/strong>17.05.2025 &#8211; Almada AC 2-2 <strong>CRI &#8211; <\/strong><a href=\"https:\/\/resultados.fpf.pt\/Match\/GetMatchInformation?matchId=2335416\" target=\"_blank\" rel=\"noopener\">FICHA DE JOGO<\/a><br \/>\n24.05.2025 &#8211; Amarelos 2-4 <strong>CRI<\/strong> &#8211; <a href=\"https:\/\/resultados.fpf.pt\/Match\/GetMatchInformation?matchId=2335421\" target=\"_blank\" rel=\"noopener\">FICHA DE JOGO<\/a><br \/>\n31.05.2025 &#8211; CRI x Santoantoniense , CANCELADO DEVIDO A DESIST\u00caNCIA DO ADVERS\u00c1RIO<br \/>\n07.06.2025 &#8211; Grandolense 4-1 <strong>CRI<\/strong> &#8211; <a href=\"https:\/\/resultados.fpf.pt\/Match\/GetMatchInformation?matchId=2335428\" target=\"_blank\" rel=\"noopener\">FICHA DE JOGO<\/a><br \/>\n14.06.2025 &#8211; <strong>CRI<\/strong> 7-2 P. Pires &#8211; <a href=\"https:\/\/resultados.fpf.pt\/Match\/GetMatchInformation?matchId=2335434\" target=\"_blank\" rel=\"noopener\">FICHA DE JOGO<\/a> &#8211; <strong><a href=\"https:\/\/www.cri.pt\/?p=26579\">FOTOS<\/a><\/strong><\/p>\n<p>CLASSIFICA\u00c7\u00c3O FINAL<\/p>\n<p><img loading=\"lazy\" decoding=\"async\" class=\"alignnone wp-image-26688\" src=\"https:\/\/www.cri.pt\/wp-content\/uploads\/2025\/06\/juniores.png\" alt=\"\" width=\"360\" height=\"828\" srcset=\"https:\/\/www.cri.pt\/wp-content\/uploads\/2025\/06\/juniores.png 361w, https:\/\/www.cri.pt\/wp-content\/uploads\/2025\/06\/juniores-130x300.png 130w\" sizes=\"auto, (max-width: 360px) 100vw, 360px\" \/><\/p>\n<div class=\"mks_separator\" style=\"border-bottom: 4px solid;\"><\/div>\n<div class=\"entry-content herald-entry-content\">\n<div class=\"entry-content herald-entry-content\">\n<p><a href=\"https:\/\/resultados.fpf.pt\/Competition\/Details?competitionId=26441&amp;seasonId=104\" target=\"_blank\" rel=\"noopener\"><strong>TA\u00c7A AF SET\u00daBAL\u00a0 &#8211; S\u00c9RIE &#8220;A&#8221; &#8211; 1\u00aa FASE<\/strong><\/a><\/p>\n<p>18 Jan. 2025 Palmelense FC 0-0 <strong>CRI &#8211; <\/strong><a href=\"https:\/\/resultados.fpf.pt\/Match\/GetMatchInformation?matchId=2288686\" target=\"_blank\" rel=\"noopener\">FICHA DE JOGO<\/a><br \/>\n1 Fev. 2025 <strong>CRI<\/strong> 3-0 Almada AC &#8211; <a href=\"https:\/\/resultados.fpf.pt\/Match\/GetMatchInformation?matchId=2288688\" target=\"_blank\" rel=\"noopener\">FICHA DE JOGO<\/a><br \/>\n8 Fev. 2025 AC Arrentela 4-2 <strong>CRI &#8211; <\/strong><a href=\"https:\/\/resultados.fpf.pt\/Match\/GetMatchInformation?matchId=2288690\" target=\"_blank\" rel=\"noopener\">FICHA DE JOGO<\/a><br \/>\n15 Fev. 2025 <strong>CRI<\/strong> 2-2 Beira Mar AC Almada &#8211; <a href=\"https:\/\/resultados.fpf.pt\/Match\/GetMatchInformation?matchId=2288692\" target=\"_blank\" rel=\"noopener\">FICHA DE JOGO<\/a> &#8211; <strong><a href=\"https:\/\/www.cri.pt\/?p=25791\">FOTOS<\/a><br \/>\n<\/strong>8 Mar. 2025 <strong>CRI<\/strong> 3-2 Palmelense FC &#8211; <a href=\"https:\/\/resultados.fpf.pt\/Match\/GetMatchInformation?matchId=2288696\" target=\"_blank\" rel=\"noopener\">FICHA DE JOGO<\/a> &#8211; <strong><a href=\"https:\/\/www.cri.pt\/?p=25931\">FOTOS<\/a><\/strong><br \/>\n15 Mar. 2025 Almada Ac 1-0 <strong>CRI<\/strong> &#8211; <a href=\"https:\/\/resultados.fpf.pt\/Match\/GetMatchInformation?matchId=2288698\" target=\"_blank\" rel=\"noopener\">FICHA DE JOGO<\/a><br \/>\n22 Mar. 2025 <strong>CRI<\/strong> 2-7 AC Arrentela &#8211; <a href=\"https:\/\/resultados.fpf.pt\/Match\/GetMatchInformation?matchId=2288700\" target=\"_blank\" rel=\"noopener\">FICHA DE JOGO<\/a> &#8211; <strong><a href=\"https:\/\/www.cri.pt\/?p=25993\">FOTOS<\/a><br \/>\n<\/strong>30 Mar. 2025 Beira Mar AC Almada 2-5 <strong>CRI &#8211; <\/strong><a href=\"https:\/\/resultados.fpf.pt\/Match\/GetMatchInformation?matchId=2288702\" target=\"_blank\" rel=\"noopener\">FICHA DE JOGO<\/a><\/p>\n<p>CLASSIFICA\u00c7\u00c3O FINAL DA 1\u00aa FASE &#8211; S\u00c9RIE A<\/p>\n<p><img loading=\"lazy\" decoding=\"async\" class=\"size-full wp-image-26241 alignnone\" src=\"https:\/\/www.cri.pt\/wp-content\/uploads\/2025\/04\/jun.jpg\" alt=\"\" width=\"360\" height=\"529\" srcset=\"https:\/\/www.cri.pt\/wp-content\/uploads\/2025\/04\/jun.jpg 360w, https:\/\/www.cri.pt\/wp-content\/uploads\/2025\/04\/jun-204x300.jpg 204w\" sizes=\"auto, (max-width: 360px) 100vw, 360px\" \/><\/p>\n<div class=\"x11i5rnm xat24cr x1mh8g0r x1vvkbs xtlvy1s x126k92a\"><\/div>\n<div class=\"x11i5rnm xat24cr x1mh8g0r x1vvkbs xtlvy1s x126k92a\">\n<div dir=\"auto\"><\/div>\n<div dir=\"auto\"><div class=\"mks_separator\" style=\"border-bottom: 4px solid;\"><\/div><\/div>\n<div dir=\"auto\">\n<p><strong><a href=\"https:\/\/resultados.fpf.pt\/Competition\/Details?competitionId=25736&amp;seasonId=104\" target=\"_blank\" rel=\"noopener\">CLICAR PAR VER<\/a>:<\/strong> RESULTADOS E CLASSIFICA\u00c7\u00d5ES AF SET\u00daBAL\u00a0 &#8211; <strong>S\u00c9RIE &#8220;B&#8221;<br \/>\n<\/strong><strong>OS NOSSOS JOGOS:<\/strong><\/p>\n<p>19 Out. 2024, <strong>CRI<\/strong> 1-0 Galitos &#8211; <a href=\"https:\/\/resultados.fpf.pt\/Match\/GetMatchInformation?matchId=2194115\" target=\"_blank\" rel=\"noopener\">FICHA DE JOGO<\/a> &#8211; <strong><a href=\"https:\/\/www.cri.pt\/?p=24891\">FOTOS<\/a><br \/>\n<\/strong>26 Out. 2024, Fabril &#8220;B&#8221; 4-0 <strong>CRI<\/strong> &#8211; <a href=\"https:\/\/resultados.fpf.pt\/Match\/GetMatchInformation?matchId=2194120\" target=\"_blank\" rel=\"noopener\">FICHA DE JOGO<\/a><br \/>\n2 Nov. 2024, <strong>CRI<\/strong> 5-3 P. Pires &#8211; <a href=\"https:\/\/resultados.fpf.pt\/Match\/GetMatchInformation?matchId=2194124\" target=\"_blank\" rel=\"noopener\">FICHA DE JOGO<\/a> &#8211; <strong><a href=\"https:\/\/www.cri.pt\/?p=25039\">FOTOS<\/a><br \/>\n<\/strong>9 Nov. 2024, Samouquense 3-1 <strong>CRI<\/strong> &#8211; <a href=\"https:\/\/resultados.fpf.pt\/Match\/GetMatchInformation?matchId=2194129\" target=\"_blank\" rel=\"noopener\">FICHA DE JOGO<\/a><br \/>\n16 Nov. 2024, <strong>CRI<\/strong> 2-1 ADQC &#8211; <a href=\"https:\/\/resultados.fpf.pt\/Match\/GetMatchInformation?matchId=2194131\" target=\"_blank\" rel=\"noopener\">FICHA DE JOGO<\/a> &#8211; <strong><a href=\"https:\/\/www.cri.pt\/?p=25132\">FOTOS<\/a><br \/>\n<\/strong>23 Nov. 2024, Moitense&#8221;B&#8221; 3-0 <strong>CRI<\/strong> &#8211; <a href=\"https:\/\/resultados.fpf.pt\/Match\/GetMatchInformation?matchId=2194137\" target=\"_blank\" rel=\"noopener\">FICHA DE JOGO<\/a> &#8211; <strong><a href=\"https:\/\/www.cri.pt\/?p=25196\">FOTOS<\/a><br \/>\n<\/strong>7 Dez. 2024, <strong>CRI<\/strong> 2-5 D. Jo\u00e3o I &#8211; <a href=\"https:\/\/resultados.fpf.pt\/Match\/GetMatchInformation?matchId=2194143\" target=\"_blank\" rel=\"noopener\">FICHA DE JOGO<\/a> &#8211; <strong><a href=\"https:\/\/www.cri.pt\/?p=25298\">FOTOS<\/a><br \/>\n<\/strong>14 Dez. 2024, 1\u00ba Maio Sarilhense 2-1 <strong>CRI &#8211;<\/strong> <a href=\"https:\/\/resultados.fpf.pt\/Match\/GetMatchInformation?matchId=2194149\" target=\"_blank\" rel=\"noopener\">FICHA DE JOGO<\/a><br \/>\n21 Dez. 2024, <strong>CRI<\/strong> 7-1 Santoantoniense &#8211; <a href=\"https:\/\/resultados.fpf.pt\/Match\/GetMatchInformation?matchId=2194155\" target=\"_blank\" rel=\"noopener\">FICHA DE JOGO<\/a> &#8211; <a href=\"https:\/\/www.cri.pt\/?p=25444\"><strong>FOTOS<\/strong><\/a><\/p>\n<\/div>\n<\/div>\n<\/div>\n<p>CLASSIFICA\u00c7\u00c3O FINAL<\/p>\n<p><img loading=\"lazy\" decoding=\"async\" class=\"size-full wp-image-25417 alignnone\" src=\"https:\/\/www.cri.pt\/wp-content\/uploads\/2024\/12\/CLASSFICACAOSUB19.jpg\" alt=\"\" width=\"360\" height=\"817\" srcset=\"https:\/\/www.cri.pt\/wp-content\/uploads\/2024\/12\/CLASSFICACAOSUB19.jpg 360w, https:\/\/www.cri.pt\/wp-content\/uploads\/2024\/12\/CLASSFICACAOSUB19-132x300.jpg 132w\" sizes=\"auto, (max-width: 360px) 100vw, 360px\" \/><\/p>\n<p>&nbsp;<\/p>\n<\/div>\n","protected":false},"excerpt":{"rendered":"<p>LINK:\u00a0ARQUIVO \u00c9POCAS ANTERIORES JOGADORES Alexandre Moreira\u00a0 \u00a0| \u00c1lvaro Francisco\u00a0 \u00a0| B\u00e9ferson Leit\u00e3o\u00a0 \u00a0| Bruno Barros\u00a0 \u00a0| Carlos Pontes\u00a0 \u00a0|\u00a0 \u00a0Daniel Rosado\u00a0 \u00a0|\u00a0 \u00a0David Tavares\u00a0 \u00a0|\u00a0 \u00a0Diogo Alves\u00a0 \u00a0|\u00a0 \u00a0Francisco Fragoso\u00a0 \u00a0|\u00a0 \u00a0Gabriel Fernandes\u00a0 \u00a0| Guilherme Silva\u00a0 \u00a0|\u00a0 \u00a0Guilherme Tinoco\u00a0 \u00a0| Jo\u00e3o Costa\u00a0 \u00a0| Martim Branco\u00a0 \u00a0|\u00a0 \u00a0Miguel Salvador\u00a0 \u00a0|\u00a0 \u00a0Rafael Diniz\u00a0 \u00a0|\u00a0 \u00a0Rafael Sena\u00a0 \u00a0|\u00a0 [&hellip;]<\/p>\n","protected":false},"author":1,"featured_media":0,"parent":0,"menu_order":0,"comment_status":"closed","ping_status":"closed","template":"","meta":{"footnotes":""},"class_list":["post-24430","page","type-page","status-publish","hentry"],"_links":{"self":[{"href":"https:\/\/www.cri.pt\/index.php?rest_route=\/wp\/v2\/pages\/24430","targetHints":{"allow":["GET"]}}],"collection":[{"href":"https:\/\/www.cri.pt\/index.php?rest_route=\/wp\/v2\/pages"}],"about":[{"href":"https:\/\/www.cri.pt\/index.php?rest_route=\/wp\/v2\/types\/page"}],"author":[{"embeddable":true,"href":"https:\/\/www.cri.pt\/index.php?rest_route=\/wp\/v2\/users\/1"}],"replies":[{"embeddable":true,"href":"https:\/\/www.cri.pt\/index.php?rest_route=%2Fwp%2Fv2%2Fcomments&post=24430"}],"version-history":[{"count":35,"href":"https:\/\/www.cri.pt\/index.php?rest_route=\/wp\/v2\/pages\/24430\/revisions"}],"predecessor-version":[{"id":26689,"href":"https:\/\/www.cri.pt\/index.php?rest_route=\/wp\/v2\/pages\/24430\/revisions\/26689"}],"wp:attachment":[{"href":"https:\/\/www.cri.pt\/index.php?rest_route=%2Fwp%2Fv2%2Fmedia&parent=24430"}],"curies":[{"name":"wp","href":"https:\/\/api.w.org\/{rel}","templated":true}]}}