{"id":24444,"date":"2024-07-16T08:06:27","date_gmt":"2024-07-16T08:06:27","guid":{"rendered":"https:\/\/www.cri.pt\/?page_id=24444"},"modified":"2025-06-28T16:04:10","modified_gmt":"2025-06-28T16:04:10","slug":"2024-25-benjamins-a-sub-11","status":"publish","type":"page","link":"https:\/\/www.cri.pt\/?page_id=24444","title":{"rendered":"2024\/25 BENJAMINS A (SUB-11)"},"content":{"rendered":"<header class=\"entry-header\">\n<h1 class=\"entry-title h1\"><span style=\"font-size: 16px;\"><div class=\"mks_separator\" style=\"border-bottom: 4px solid;\"><\/div><\/span><\/h1>\n<\/header>\n<div class=\"entry-content herald-entry-content\">\n<div class=\"mks_separator\"><\/div>\n<p style=\"text-align: right;\">LINK:\u00a0<a href=\"https:\/\/www.cri.pt\/?page_id=6863\">ARQUIVO \u00c9POCAS ANTERIORES<\/a><\/p>\n<div class=\"mks_separator\" style=\"border-bottom: 4px solid;\"><\/div>\n<p><img loading=\"lazy\" decoding=\"async\" class=\"aligncenter wp-image-24801 size-large\" src=\"https:\/\/www.cri.pt\/wp-content\/uploads\/2024\/10\/2024_10_12_cri_13_0_vinhense_005-1024x682.jpg\" alt=\"\" width=\"1024\" height=\"682\" srcset=\"https:\/\/www.cri.pt\/wp-content\/uploads\/2024\/10\/2024_10_12_cri_13_0_vinhense_005-1024x682.jpg 1024w, https:\/\/www.cri.pt\/wp-content\/uploads\/2024\/10\/2024_10_12_cri_13_0_vinhense_005-300x200.jpg 300w, https:\/\/www.cri.pt\/wp-content\/uploads\/2024\/10\/2024_10_12_cri_13_0_vinhense_005-768x512.jpg 768w, https:\/\/www.cri.pt\/wp-content\/uploads\/2024\/10\/2024_10_12_cri_13_0_vinhense_005-414x276.jpg 414w, https:\/\/www.cri.pt\/wp-content\/uploads\/2024\/10\/2024_10_12_cri_13_0_vinhense_005-470x313.jpg 470w, https:\/\/www.cri.pt\/wp-content\/uploads\/2024\/10\/2024_10_12_cri_13_0_vinhense_005-640x426.jpg 640w, https:\/\/www.cri.pt\/wp-content\/uploads\/2024\/10\/2024_10_12_cri_13_0_vinhense_005-130x86.jpg 130w, https:\/\/www.cri.pt\/wp-content\/uploads\/2024\/10\/2024_10_12_cri_13_0_vinhense_005-187x124.jpg 187w, https:\/\/www.cri.pt\/wp-content\/uploads\/2024\/10\/2024_10_12_cri_13_0_vinhense_005-990x660.jpg 990w, https:\/\/www.cri.pt\/wp-content\/uploads\/2024\/10\/2024_10_12_cri_13_0_vinhense_005.jpg 1280w\" sizes=\"auto, (max-width: 1024px) 100vw, 1024px\" \/><\/p>\n<div class=\"entry-content herald-entry-content\">\n<ul>\n<li style=\"list-style-type: none;\">\n<ul>\n<li><strong>JOGADORES<\/strong>\n<ul>\n<li><a href=\"https:\/\/www.fpf.pt\/pt\/Jogadores\/Ficha-de-Jogador\/playerId\/2060163\" target=\"_blank\" rel=\"noopener\">Davide Garrido<\/a> | <a href=\"https:\/\/www.fpf.pt\/pt\/Jogadores\/Ficha-de-Jogador\/playerId\/2045899\" target=\"_blank\" rel=\"noopener\">Denis Santos<\/a> | <a href=\"https:\/\/www.fpf.pt\/pt\/Jogadores\/Ficha-de-Jogador\/playerId\/2045877\" target=\"_blank\" rel=\"noopener\">Diogo Alegria<\/a> | <a href=\"https:\/\/www.fpf.pt\/pt\/Jogadores\/Ficha-de-Jogador\/playerId\/2045629\" target=\"_blank\" rel=\"noopener\">Edgar Zuna<\/a> | <a href=\"https:\/\/www.fpf.pt\/pt\/Jogadores\/Ficha-de-Jogador\/playerId\/2119957\" target=\"_blank\" rel=\"noopener\">Emanuel Neto<\/a> | <a href=\"https:\/\/www.fpf.pt\/pt\/Jogadores\/Ficha-de-Jogador\/playerId\/1968874\" target=\"_blank\" rel=\"noopener\">Francisco Gon\u00e7alves<\/a> | <a href=\"https:\/\/www.fpf.pt\/pt\/Jogadores\/Ficha-de-Jogador\/playerId\/2045905\" target=\"_blank\" rel=\"noopener\">Gon\u00e7alo Dias<\/a> | <a href=\"https:\/\/www.fpf.pt\/pt\/Jogadores\/Ficha-de-Jogador\/playerId\/1947406\" target=\"_blank\" rel=\"noopener\">Guilherme Elias<\/a> | <a href=\"https:\/\/www.fpf.pt\/pt\/Jogadores\/Ficha-de-Jogador\/playerId\/1968681\" target=\"_blank\" rel=\"noopener\">Mateus da Silva<\/a> | <a href=\"https:\/\/www.fpf.pt\/pt\/Jogadores\/Ficha-de-Jogador\/playerId\/2066626\" target=\"_blank\" rel=\"noopener\">Miguel Almeida<\/a> | <a href=\"https:\/\/www.fpf.pt\/pt\/Jogadores\/Ficha-de-Jogador\/playerId\/2139706\" target=\"_blank\" rel=\"noopener\">Titas Pretusaitis<\/a> |&#8230;<\/li>\n<\/ul>\n<\/li>\n<li><strong>TREINADORES. DIRIGENTES. COLABORADORES<\/strong>\n<ul>\n<li>Treinador: <strong>Nuno Aiveca<\/strong><br \/>\nTreinador Adjunto: <strong>Samuel Silva<\/strong><br \/>\nTreinador de Guarda-redes: <strong>Pedro Maria e Tiago Correia<\/strong><br \/>\nCoordenador: <strong>Jos\u00e9 L. Medeiros<\/strong><\/li>\n<\/ul>\n<\/li>\n<li><strong><a href=\"https:\/\/www.cri.pt\/?tag=benjamins-a-2024\/25\">CLICAR PARA VER<\/a>: <\/strong>FOTOS. V\u00cdDEOS. NOT\u00cdCIAS<\/li>\n<li><strong><a href=\"https:\/\/resultados.fpf.pt\/Competition\/Details?competitionId=25821&amp;seasonId=104\" target=\"_blank\" rel=\"noopener\">CLICAR PARA VER<\/a>:<\/strong> CALEND\u00c1RIO COMPLETO &#8211; 3<strong>\u00aa FASE &#8211; EQUIPAS &#8220;A&#8221; &#8211; S\u00c9RIE &#8220;B&#8221;<\/strong><\/li>\n<\/ul>\n<\/li>\n<\/ul>\n<div class=\"mks_separator\" style=\"border-bottom: 4px solid;\"><\/div>\n<p><strong>JOGOS OFICIAIS<\/strong><\/p>\n<ul>\n<li><strong><a href=\"https:\/\/resultados.fpf.pt\/Competition\/Details?competitionId=25821&amp;seasonId=104\" target=\"_blank\" rel=\"noopener\">CLICAR PARA VER<\/a>:<\/strong> CALEND\u00c1RIO COMPLETO &#8211; 3<strong>\u00aa FASE &#8211; EQUIPAS &#8220;A&#8221; &#8211; S\u00c9RIE &#8220;B&#8221;<\/strong><\/li>\n<\/ul>\n<p>01.02.2025 <strong>CRI<\/strong> x Pinhalnovense<br \/>\n08.02.2025 Amora x <strong>CRI<br \/>\n<\/strong>15.02.2025 <strong>CRI<\/strong> x Sesimbra<br \/>\n22.02.2025 <strong>CRI<\/strong> x Ch.Caparica &#8211; <strong><a href=\"https:\/\/www.cri.pt\/?p=25830\">FOTOS<\/a><\/strong><br \/>\n01.03.2025 Juv. Sarilhense x <strong>CRI<\/strong><br \/>\n08.03.2025 <strong>CRI<\/strong> x Amarelos &#8211; <a href=\"https:\/\/www.cri.pt\/?p=25911\"><strong>FOTOS<\/strong><\/a><br \/>\n15.03.2025 C. Ind\u00fastria x <strong>CRI &#8211; <a href=\"https:\/\/www.cri.pt\/?p=25965\">FOTOS<\/a><\/strong><br \/>\n22.03.2025 <strong>CRI<\/strong> x Palmelense &#8211; <a href=\"https:\/\/www.cri.pt\/?p=25977\"><strong>FOTOS<\/strong><\/a><br \/>\n29.03.2025 M. Caparica x <strong>CRI<br \/>\n<\/strong>12.04.2025 Pinhalnovense x <strong>CRI<br \/>\n<\/strong>26.04.2025 <strong>CRI<\/strong> x Amora &#8211; <strong><a href=\"https:\/\/www.cri.pt\/?p=26273\">FOTOS<\/a><\/strong><br \/>\n01.05.2025 Sesimbra x <strong>CRI<\/strong><br \/>\n03.05.2025 Ch. Caparica x <strong>CRI<\/strong><br \/>\n10.05.2025 <strong>CRI<\/strong> x Juv.Sarilhense &#8211; <strong><a href=\"https:\/\/www.cri.pt\/?p=26366\">FOTOS<\/a><\/strong><br \/>\n17.05.2025 Amarelos x <strong>CRI<\/strong><br \/>\n31.05.2025 <strong>CRI<\/strong> x C. Ind\u00fasria &#8211; <strong><a href=\"https:\/\/www.cri.pt\/?p=26509\">FOTOS<\/a><\/strong><br \/>\n07.06.2025 Palmelense x <strong>CRI<\/strong><br \/>\n14.06.2025 <strong>CRI<\/strong> x M.Caparica &#8211; <strong><a href=\"https:\/\/www.cri.pt\/?p=26569\">FOTOS<\/a><\/strong><\/p>\n<div class=\"mks_separator\" style=\"border-bottom: 4px solid;\"><\/div>\n<\/div>\n<div class=\"entry-content herald-entry-content\">\n<p><strong>JOGOS OFICIAIS<\/strong><\/p>\n<ul>\n<li><strong><a href=\"https:\/\/resultados.fpf.pt\/Competition\/Details?competitionId=25821&amp;seasonId=104\" target=\"_blank\" rel=\"noopener\">CLICAR PARA VER<\/a>:<\/strong> CALEND\u00c1RIO COMPLETO &#8211; <strong>2\u00aa FASE &#8211; EQUIPAS &#8220;A&#8221; &#8211; S\u00c9RIE &#8220;E&#8221;<\/strong><\/li>\n<\/ul>\n<p>07 Dez.2024 <strong>CRI<\/strong> 3-0 C. Ind\u00fastria &#8211; <strong><a href=\"https:\/\/www.cri.pt\/?p=25294\">FOTOS<\/a><br \/>\n<\/strong>14 Dez.2024 Cruzamento Peg\u00f5es x <strong>CRI<br \/>\n<\/strong>21 Dez. 2024 <strong>CRI<\/strong> x Almada 2015 &#8211; <strong><a href=\"https:\/\/www.cri.pt\/?p=25429\">FOTOS<\/a><br \/>\n<\/strong>11 Jan. 2025 Barreirense x <strong>CRI<\/strong><br \/>\n18 Jan. 2025 <strong>CRI<\/strong> x Le\u00e3o Altivo<\/p>\n<div class=\"mks_separator\" style=\"border-bottom: 4px solid;\"><\/div>\n<\/div>\n<div class=\"entry-content herald-entry-content\">\n<ul>\n<li><strong><a href=\"https:\/\/resultados.fpf.pt\/Competition\/Details?competitionId=25821&amp;seasonId=104\" target=\"_blank\" rel=\"noopener\">CLICAR PARA VER<\/a>:<\/strong> CALEND\u00c1RIO COMPLETO &#8211; 1\u00aa FASE &#8211; EQUIPAS &#8220;A&#8221; &#8211; S\u00c9RIE &#8220;D&#8221;<\/li>\n<\/ul>\n<p><strong>05 Out. 2024 <\/strong>Samouquense x <strong>CRI<\/strong><br \/>\n<strong>12 Out. 2024 CRI<\/strong> x Vinhense\u00a0 \u00a0&#8211;\u00a0 \u00a0<strong><a href=\"https:\/\/www.cri.pt\/?p=24799\">FOTOS<\/a><\/strong><br \/>\n<strong>19 Out. 2024 CRI<\/strong> x D. Jo\u00e3o I\u00a0 \u00a0&#8211;\u00a0 \u00a0<strong><a href=\"https:\/\/www.cri.pt\/?p=24887\">FOTOS<\/a><\/strong><br \/>\n<strong>26 Out. 2024 <\/strong>GDR Portugal x CRI (Desist\u00eancia do GDR Portugal)<br \/>\n<strong>09 Nov. 2024 CRI<\/strong> x F. Prata<br \/>\n<strong>16 Nov. 2024 <\/strong>CCDB Azeit\u00e3o x <strong>CRI<\/strong><br \/>\n<strong>23 Nov. 2024 CRI<\/strong> x Moitense<\/p>\n<\/div>\n<\/div>\n","protected":false},"excerpt":{"rendered":"<p>LINK:\u00a0ARQUIVO \u00c9POCAS ANTERIORES JOGADORES Davide Garrido | Denis Santos | Diogo Alegria | Edgar Zuna | Emanuel Neto | Francisco Gon\u00e7alves | Gon\u00e7alo Dias | Guilherme Elias | Mateus da Silva | Miguel Almeida | Titas Pretusaitis |&#8230; TREINADORES. DIRIGENTES. COLABORADORES Treinador: Nuno Aiveca Treinador Adjunto: Samuel Silva Treinador de Guarda-redes: Pedro Maria e Tiago [&hellip;]<\/p>\n","protected":false},"author":1,"featured_media":0,"parent":0,"menu_order":0,"comment_status":"closed","ping_status":"closed","template":"","meta":{"footnotes":""},"class_list":["post-24444","page","type-page","status-publish","hentry"],"_links":{"self":[{"href":"https:\/\/www.cri.pt\/index.php?rest_route=\/wp\/v2\/pages\/24444","targetHints":{"allow":["GET"]}}],"collection":[{"href":"https:\/\/www.cri.pt\/index.php?rest_route=\/wp\/v2\/pages"}],"about":[{"href":"https:\/\/www.cri.pt\/index.php?rest_route=\/wp\/v2\/types\/page"}],"author":[{"embeddable":true,"href":"https:\/\/www.cri.pt\/index.php?rest_route=\/wp\/v2\/users\/1"}],"replies":[{"embeddable":true,"href":"https:\/\/www.cri.pt\/index.php?rest_route=%2Fwp%2Fv2%2Fcomments&post=24444"}],"version-history":[{"count":24,"href":"https:\/\/www.cri.pt\/index.php?rest_route=\/wp\/v2\/pages\/24444\/revisions"}],"predecessor-version":[{"id":26696,"href":"https:\/\/www.cri.pt\/index.php?rest_route=\/wp\/v2\/pages\/24444\/revisions\/26696"}],"wp:attachment":[{"href":"https:\/\/www.cri.pt\/index.php?rest_route=%2Fwp%2Fv2%2Fmedia&parent=24444"}],"curies":[{"name":"wp","href":"https:\/\/api.w.org\/{rel}","templated":true}]}}