{"id":29035,"date":"2026-06-25T14:07:13","date_gmt":"2026-06-25T14:07:13","guid":{"rendered":"https:\/\/www.cri.pt\/?page_id=29035"},"modified":"2026-08-25T18:30:57","modified_gmt":"2026-08-25T18:30:57","slug":"2026-27-infantis","status":"publish","type":"page","link":"https:\/\/www.cri.pt\/?page_id=29035","title":{"rendered":"2026\/27 INFANTIS A"},"content":{"rendered":"<header class=\"entry-header\">\n<p class=\"entry-title h1\"><div class=\"mks_separator\" style=\"border-bottom: 4px solid;\"><\/div>\n<\/header>\n<div class=\"entry-content herald-entry-content\">\n<p style=\"text-align: right;\">LINK:\u00a0<a href=\"https:\/\/www.cri.pt\/?page_id=6863\">ARQUIVO \u00c9POCAS ANTERIORES<\/a><\/p>\n<div class=\"mks_separator\" style=\"border-bottom: 4px solid;\"><\/div>\n<p><img loading=\"lazy\" decoding=\"async\" class=\"aligncenter wp-image-29302\" src=\"https:\/\/www.cri.pt\/wp-content\/uploads\/2026\/08\/calendariosub13.jpg\" alt=\"\" width=\"640\" height=\"640\" srcset=\"https:\/\/www.cri.pt\/wp-content\/uploads\/2026\/08\/calendariosub13.jpg 1080w, https:\/\/www.cri.pt\/wp-content\/uploads\/2026\/08\/calendariosub13-300x300.jpg 300w, https:\/\/www.cri.pt\/wp-content\/uploads\/2026\/08\/calendariosub13-1024x1024.jpg 1024w, https:\/\/www.cri.pt\/wp-content\/uploads\/2026\/08\/calendariosub13-150x150.jpg 150w, https:\/\/www.cri.pt\/wp-content\/uploads\/2026\/08\/calendariosub13-768x768.jpg 768w, https:\/\/www.cri.pt\/wp-content\/uploads\/2026\/08\/calendariosub13-65x65.jpg 65w, https:\/\/www.cri.pt\/wp-content\/uploads\/2026\/08\/calendariosub13-128x128.jpg 128w, https:\/\/www.cri.pt\/wp-content\/uploads\/2026\/08\/calendariosub13-32x32.jpg 32w, https:\/\/www.cri.pt\/wp-content\/uploads\/2026\/08\/calendariosub13-130x130.jpg 130w, https:\/\/www.cri.pt\/wp-content\/uploads\/2026\/08\/calendariosub13-187x187.jpg 187w, https:\/\/www.cri.pt\/wp-content\/uploads\/2026\/08\/calendariosub13-990x990.jpg 990w\" sizes=\"auto, (max-width: 640px) 100vw, 640px\" \/><\/p>\n<div class=\"mks_separator\" style=\"border-bottom: 4px solid;\"><\/div>\n<\/div>\n<hr \/>\n<div class=\"entry-content herald-entry-content\">\n<div class=\"entry-content herald-entry-content\">\n<ul>\n<li style=\"list-style-type: none;\"><div class=\"mks_separator\" style=\"border-bottom: 2px solid;\"><\/div>\n<ul>\n<li style=\"list-style-type: none;\"><strong>JOGADORES<\/strong><\/li>\n<li style=\"list-style-type: none;\"><\/li>\n<\/ul>\n<\/li>\n<\/ul>\n<div class=\"mks_separator\" style=\"border-bottom: 2px solid;\"><\/div>\n<ul>\n<li style=\"list-style-type: none;\">\n<ul>\n<li><strong>TREINADORES. DIRIGENTES. COLABORADORES<\/strong>\n<ul>\n<li>Treinador: <strong>Jo\u00e3o Gl\u00f3ria<\/strong><\/li>\n<li>Treinador Adjunto:<strong> Augusto Manhita<\/strong><\/li>\n<li>Coordenador Escal\u00e3o: <strong>Jo\u00e3o Gl\u00f3ria<\/strong><\/li>\n<\/ul>\n<\/li>\n<\/ul>\n<\/li>\n<li style=\"list-style-type: none;\"><div class=\"mks_separator\" style=\"border-bottom: 2px solid;\"><\/div>\n<ul>\n<li><strong><a href=\"https:\/\/www.cri.pt\/?tag=Infantis-2026\/27\">CLICAR PARA VER<\/a>:\u00a0<\/strong>FOTOS. V\u00cdDEOS. NOT\u00cdCIAS<\/li>\n<li><strong><a href=\"https:\/\/resultados.fpf.pt\/Competition\/Details?competitionId=29927&amp;seasonId=106\" target=\"_blank\" rel=\"noopener\">CLICAR PARA VER<\/a>:<\/strong> CALEND\u00c1RIO, RESULTADOS E CLASSIFICA\u00c7\u00d5ES (1\u00aa Fase . S\u00e9rie &#8220;C&#8221;)<\/li>\n<li><a href=\"https:\/\/www.cri.pt\/?p=28965\">HOR\u00c1RIOS DOS TREINOS<\/a><\/li>\n<\/ul>\n<\/li>\n<\/ul>\n<div class=\"mks_separator\" style=\"border-bottom: 4px solid;\"><\/div>\n<\/div>\n<\/div>\n<div class=\"mks_separator\" style=\"border-bottom: 4px solid;\"><\/div>\n<p><strong>OS NOSSOS JOGOS OFICIAIS\u00a0<\/strong><\/p>\n<p><a href=\"https:\/\/resultados.fpf.pt\/Competition\/Details?competitionId=29927&amp;seasonId=106\" target=\"_blank\" rel=\"noopener\"><strong>CD Infantis 2\u00ba Ano Sub-13 Fut9 &#8211; 1\u00aa FASE &#8211; S\u00e9rie &#8220;C&#8221;<\/strong><\/a><\/p>\n<p>26 Set. 2026, S\u00e1b. 10:30 \u2013 12:00 <strong>CRI<\/strong> x Vinhense (Infantis A) F9 &#8211; 1\u00aa jornada Campeonato<br \/>\n03 Out. 2026, S\u00e1b. 10:30 \u2013 12:00 D. Jo\u00e3o I x CRI (Infantis A) F9 &#8211; 2\u00aa jornada Campeonato<br \/>\n10 Out. 2026, S\u00e1b.10:30 \u2013 12:00 CRI x Fabril (Infantis A) F9 &#8211; 3\u00aa jornada Campeonato<br \/>\n17 Out. 2026, S\u00e1b. 10:30 \u2013 12:00 Juv. Sarilhense x CRI (Infantis A) F9 &#8211; 4\u00aa jornada Campeonato<br \/>\n31 Out. 2026, S\u00e1b. 10:30 \u2013 12:00 CRI x Moitense (Infantis A) F9 &#8211; 5\u00aa jornada Campeonato<br \/>\n07 Nov. 2026, S\u00e1b. 10:30 \u2013 12:00 CRI x ADQ Conde (Infantis A) F9 &#8211; 6\u00aa jornada Campeonato<br \/>\n14 Nov. 2026, S\u00e1b. 10:30 \u2013 12:00 Ol\u00edmpico x CRI (Infantis A) F9 &#8211; 7\u00aa jornada Campeonato<\/p>\n<div class=\"mks_separator\" style=\"border-bottom: 4px solid;\"><\/div>\n<div class=\"entry-content herald-entry-content\">\n<div class=\"entry-content herald-entry-content\">\n<p>&nbsp;<\/p>\n<\/div>\n<div><\/div>\n<\/div>\n<p>&nbsp;<\/p>\n<p>&nbsp;<\/p>\n","protected":false},"excerpt":{"rendered":"<p>LINK:\u00a0ARQUIVO \u00c9POCAS ANTERIORES JOGADORES TREINADORES. DIRIGENTES. COLABORADORES Treinador: Jo\u00e3o Gl\u00f3ria Treinador Adjunto: Augusto Manhita Coordenador Escal\u00e3o: Jo\u00e3o Gl\u00f3ria CLICAR PARA VER:\u00a0FOTOS. V\u00cdDEOS. NOT\u00cdCIAS CLICAR PARA VER: CALEND\u00c1RIO, RESULTADOS E CLASSIFICA\u00c7\u00d5ES (1\u00aa Fase . S\u00e9rie &#8220;C&#8221;) HOR\u00c1RIOS DOS TREINOS OS NOSSOS JOGOS OFICIAIS\u00a0 CD Infantis 2\u00ba Ano Sub-13 Fut9 &#8211; 1\u00aa FASE &#8211; S\u00e9rie &#8220;C&#8221; 26 [&hellip;]<\/p>\n","protected":false},"author":1,"featured_media":0,"parent":0,"menu_order":0,"comment_status":"closed","ping_status":"closed","template":"","meta":{"footnotes":""},"class_list":["post-29035","page","type-page","status-publish","hentry"],"_links":{"self":[{"href":"https:\/\/www.cri.pt\/index.php?rest_route=\/wp\/v2\/pages\/29035","targetHints":{"allow":["GET"]}}],"collection":[{"href":"https:\/\/www.cri.pt\/index.php?rest_route=\/wp\/v2\/pages"}],"about":[{"href":"https:\/\/www.cri.pt\/index.php?rest_route=\/wp\/v2\/types\/page"}],"author":[{"embeddable":true,"href":"https:\/\/www.cri.pt\/index.php?rest_route=\/wp\/v2\/users\/1"}],"replies":[{"embeddable":true,"href":"https:\/\/www.cri.pt\/index.php?rest_route=%2Fwp%2Fv2%2Fcomments&post=29035"}],"version-history":[{"count":7,"href":"https:\/\/www.cri.pt\/index.php?rest_route=\/wp\/v2\/pages\/29035\/revisions"}],"predecessor-version":[{"id":29303,"href":"https:\/\/www.cri.pt\/index.php?rest_route=\/wp\/v2\/pages\/29035\/revisions\/29303"}],"wp:attachment":[{"href":"https:\/\/www.cri.pt\/index.php?rest_route=%2Fwp%2Fv2%2Fmedia&parent=29035"}],"curies":[{"name":"wp","href":"https:\/\/api.w.org\/{rel}","templated":true}]}}